{"id":1146,"date":"2020-05-17T11:04:56","date_gmt":"2020-05-17T09:04:56","guid":{"rendered":"http:\/\/www.varloteaux.org\/pva\/?page_id=1146"},"modified":"2022-01-29T13:18:50","modified_gmt":"2022-01-29T12:18:50","slug":"medias-presse","status":"publish","type":"page","link":"http:\/\/www.varloteaux.org\/pva\/medias\/medias-presse\/","title":{"rendered":"M\u00e9dias &#8211; Presse"},"content":{"rendered":"\t\t<div data-elementor-type=\"wp-page\" data-elementor-id=\"1146\" class=\"elementor elementor-1146\">\n\t\t\t\t\t\t<section class=\"elementor-section elementor-top-section elementor-element elementor-element-8b39486 elementor-section-boxed elementor-section-height-default elementor-section-height-default\" data-id=\"8b39486\" data-element_type=\"section\">\n\t\t\t\t\t\t<div class=\"elementor-container elementor-column-gap-default\">\n\t\t\t\t\t<div class=\"elementor-column elementor-col-100 elementor-top-column elementor-element elementor-element-c828f44\" data-id=\"c828f44\" data-element_type=\"column\">\n\t\t\t<div class=\"elementor-widget-wrap elementor-element-populated\">\n\t\t\t\t\t\t<div class=\"elementor-element elementor-element-b36b086 elementor-invisible elementor-widget elementor-widget-heading\" data-id=\"b36b086\" data-element_type=\"widget\" data-settings=\"{&quot;_animation&quot;:&quot;bounceIn&quot;}\" data-widget_type=\"heading.default\">\n\t\t\t\t<div class=\"elementor-widget-container\">\n\t\t\t\t\t<h2 class=\"elementor-heading-title elementor-size-default\">Articles de presse \/ M\u00e9dias<\/h2>\t\t\t\t<\/div>\n\t\t\t\t<\/div>\n\t\t\t\t\t<\/div>\n\t\t<\/div>\n\t\t\t\t\t<\/div>\n\t\t<\/section>\n\t\t\t\t<section class=\"elementor-section elementor-top-section elementor-element elementor-element-4667e39 elementor-section-boxed elementor-section-height-default elementor-section-height-default\" data-id=\"4667e39\" data-element_type=\"section\">\n\t\t\t\t\t\t<div class=\"elementor-container elementor-column-gap-default\">\n\t\t\t\t\t<div class=\"elementor-column elementor-col-100 elementor-top-column elementor-element elementor-element-ffce10d\" data-id=\"ffce10d\" data-element_type=\"column\">\n\t\t\t<div class=\"elementor-widget-wrap elementor-element-populated\">\n\t\t\t\t\t\t<div class=\"elementor-element elementor-element-f136c2d elementor-widget elementor-widget-spacer\" data-id=\"f136c2d\" data-element_type=\"widget\" data-widget_type=\"spacer.default\">\n\t\t\t\t<div class=\"elementor-widget-container\">\n\t\t\t\t\t\t\t<div class=\"elementor-spacer\">\n\t\t\t<div class=\"elementor-spacer-inner\"><\/div>\n\t\t<\/div>\n\t\t\t\t\t\t<\/div>\n\t\t\t\t<\/div>\n\t\t\t\t\t<\/div>\n\t\t<\/div>\n\t\t\t\t\t<\/div>\n\t\t<\/section>\n\t\t\t\t<section class=\"elementor-section elementor-top-section elementor-element elementor-element-7fcec92 elementor-section-boxed elementor-section-height-default elementor-section-height-default\" data-id=\"7fcec92\" data-element_type=\"section\">\n\t\t\t\t\t\t<div class=\"elementor-container elementor-column-gap-default\">\n\t\t\t\t\t<div class=\"elementor-column elementor-col-33 elementor-top-column elementor-element elementor-element-de9ab6e\" data-id=\"de9ab6e\" data-element_type=\"column\">\n\t\t\t<div class=\"elementor-widget-wrap elementor-element-populated\">\n\t\t\t\t\t\t<div class=\"elementor-element elementor-element-26cdd60 elementor-widget elementor-widget-image\" data-id=\"26cdd60\" data-element_type=\"widget\" data-widget_type=\"image.default\">\n\t\t\t\t<div class=\"elementor-widget-container\">\n\t\t\t\t\t\t\t\t\t\t\t\t\t\t\t<img fetchpriority=\"high\" decoding=\"async\" width=\"1024\" height=\"768\" src=\"http:\/\/www.varloteaux.org\/pva\/wp-content\/uploads\/2021\/10\/nouvelle-republique.jpg\" class=\"attachment-large size-large wp-image-2430\" alt=\"\" srcset=\"http:\/\/www.varloteaux.org\/pva\/wp-content\/uploads\/2021\/10\/nouvelle-republique.jpg 1024w, http:\/\/www.varloteaux.org\/pva\/wp-content\/uploads\/2021\/10\/nouvelle-republique-300x225.jpg 300w, http:\/\/www.varloteaux.org\/pva\/wp-content\/uploads\/2021\/10\/nouvelle-republique-768x576.jpg 768w\" sizes=\"(max-width: 1024px) 100vw, 1024px\" \/>\t\t\t\t\t\t\t\t\t\t\t\t\t\t\t<\/div>\n\t\t\t\t<\/div>\n\t\t\t\t<div class=\"elementor-element elementor-element-b6df59a elementor-widget elementor-widget-heading\" data-id=\"b6df59a\" data-element_type=\"widget\" data-widget_type=\"heading.default\">\n\t\t\t\t<div class=\"elementor-widget-container\">\n\t\t\t\t\t<h3 class=\"elementor-heading-title elementor-size-default\">LA NOUVELLE R\u00c9PUBLIQUE<br>06\/2021<\/h3>\t\t\t\t<\/div>\n\t\t\t\t<\/div>\n\t\t\t\t<div class=\"elementor-element elementor-element-8da936a elementor-widget elementor-widget-text-editor\" data-id=\"8da936a\" data-element_type=\"widget\" data-widget_type=\"text-editor.default\">\n\t\t\t\t<div class=\"elementor-widget-container\">\n\t\t\t\t\t\t\t\t\t<p class=\"title_page ng-binding ng-scope\">La championne M\u00e9lanie Astles \u00e0 l\u2019a\u00e9ro-club<br \/><br \/><\/p>\t\t\t\t\t\t\t\t<\/div>\n\t\t\t\t<\/div>\n\t\t\t\t<div class=\"elementor-element elementor-element-1e29701 elementor-align-center elementor-widget elementor-widget-button\" data-id=\"1e29701\" data-element_type=\"widget\" data-widget_type=\"button.default\">\n\t\t\t\t<div class=\"elementor-widget-container\">\n\t\t\t\t\t\t\t\t\t<div class=\"elementor-button-wrapper\">\n\t\t\t\t\t<a class=\"elementor-button elementor-button-link elementor-size-sm\" href=\"https:\/\/www.lanouvellerepublique.fr\/indre\/commune\/saint-maur\/la-championne-melanie-astles-a-l-aero-club\" target=\"_blank\">\n\t\t\t\t\t\t<span class=\"elementor-button-content-wrapper\">\n\t\t\t\t\t\t<span class=\"elementor-button-icon\">\n\t\t\t\t<i aria-hidden=\"true\" class=\"fas fa-external-link-alt\"><\/i>\t\t\t<\/span>\n\t\t\t\t\t\t\t\t\t<span class=\"elementor-button-text\">Cliquez ici<\/span>\n\t\t\t\t\t<\/span>\n\t\t\t\t\t<\/a>\n\t\t\t\t<\/div>\n\t\t\t\t\t\t\t\t<\/div>\n\t\t\t\t<\/div>\n\t\t\t\t\t<\/div>\n\t\t<\/div>\n\t\t\t\t<div class=\"elementor-column elementor-col-33 elementor-top-column elementor-element elementor-element-31a7fff\" data-id=\"31a7fff\" data-element_type=\"column\">\n\t\t\t<div class=\"elementor-widget-wrap elementor-element-populated\">\n\t\t\t\t\t\t<div class=\"elementor-element elementor-element-b0e280a elementor-widget elementor-widget-image\" data-id=\"b0e280a\" data-element_type=\"widget\" data-widget_type=\"image.default\">\n\t\t\t\t<div class=\"elementor-widget-container\">\n\t\t\t\t\t\t\t\t\t\t\t\t\t\t\t\t<a href=\"https:\/\/www.francetvinfo.fr\/culture\/spectacles\/danse\/la-choregraphe-kitsou-dubois-fait-danser-les-as-de-la-voltige-pour-marseille_3310871.html\" target=\"_blank\">\n\t\t\t\t\t\t\t<img decoding=\"async\" width=\"1024\" height=\"1448\" src=\"http:\/\/www.varloteaux.org\/pva\/wp-content\/uploads\/2021\/10\/aeroport-nevers.jpg\" class=\"attachment-full size-full wp-image-2448\" alt=\"\" srcset=\"http:\/\/www.varloteaux.org\/pva\/wp-content\/uploads\/2021\/10\/aeroport-nevers.jpg 1024w, http:\/\/www.varloteaux.org\/pva\/wp-content\/uploads\/2021\/10\/aeroport-nevers-212x300.jpg 212w, http:\/\/www.varloteaux.org\/pva\/wp-content\/uploads\/2021\/10\/aeroport-nevers-724x1024.jpg 724w, http:\/\/www.varloteaux.org\/pva\/wp-content\/uploads\/2021\/10\/aeroport-nevers-768x1086.jpg 768w, http:\/\/www.varloteaux.org\/pva\/wp-content\/uploads\/2021\/10\/aeroport-nevers-764x1080.jpg 764w\" sizes=\"(max-width: 1024px) 100vw, 1024px\" \/>\t\t\t\t\t\t\t\t<\/a>\n\t\t\t\t\t\t\t\t\t\t\t\t\t\t\t<\/div>\n\t\t\t\t<\/div>\n\t\t\t\t\t<\/div>\n\t\t<\/div>\n\t\t\t\t<div class=\"elementor-column elementor-col-33 elementor-top-column elementor-element elementor-element-26987a6\" data-id=\"26987a6\" data-element_type=\"column\">\n\t\t\t<div class=\"elementor-widget-wrap elementor-element-populated\">\n\t\t\t\t\t\t<div class=\"elementor-element elementor-element-44a581a elementor-widget elementor-widget-image\" data-id=\"44a581a\" data-element_type=\"widget\" data-widget_type=\"image.default\">\n\t\t\t\t<div class=\"elementor-widget-container\">\n\t\t\t\t\t\t\t\t\t\t\t\t\t\t\t<img decoding=\"async\" width=\"1024\" height=\"768\" src=\"http:\/\/www.varloteaux.org\/pva\/wp-content\/uploads\/2021\/10\/ambert.jpg\" class=\"attachment-large size-large wp-image-2429\" alt=\"\" srcset=\"http:\/\/www.varloteaux.org\/pva\/wp-content\/uploads\/2021\/10\/ambert.jpg 1024w, http:\/\/www.varloteaux.org\/pva\/wp-content\/uploads\/2021\/10\/ambert-300x225.jpg 300w, http:\/\/www.varloteaux.org\/pva\/wp-content\/uploads\/2021\/10\/ambert-768x576.jpg 768w\" sizes=\"(max-width: 1024px) 100vw, 1024px\" \/>\t\t\t\t\t\t\t\t\t\t\t\t\t\t\t<\/div>\n\t\t\t\t<\/div>\n\t\t\t\t<div class=\"elementor-element elementor-element-5452a42 elementor-widget elementor-widget-heading\" data-id=\"5452a42\" data-element_type=\"widget\" data-widget_type=\"heading.default\">\n\t\t\t\t<div class=\"elementor-widget-container\">\n\t\t\t\t\t<h3 class=\"elementor-heading-title elementor-size-default\">FRANCE 3 AUVERGNE<br>07\/2020<\/h3>\t\t\t\t<\/div>\n\t\t\t\t<\/div>\n\t\t\t\t<div class=\"elementor-element elementor-element-c00fe38 elementor-widget elementor-widget-text-editor\" data-id=\"c00fe38\" data-element_type=\"widget\" data-widget_type=\"text-editor.default\">\n\t\t\t\t<div class=\"elementor-widget-container\">\n\t\t\t\t\t\t\t\t\t<p id=\"mainContent\" class=\"title\">Puy-de-D\u00f4me : des sportifs pr\u00e9parent le championnat de France de voltige a\u00e9rienne<\/p>\t\t\t\t\t\t\t\t<\/div>\n\t\t\t\t<\/div>\n\t\t\t\t<div class=\"elementor-element elementor-element-5bee5c3 elementor-align-center elementor-widget elementor-widget-button\" data-id=\"5bee5c3\" data-element_type=\"widget\" data-widget_type=\"button.default\">\n\t\t\t\t<div class=\"elementor-widget-container\">\n\t\t\t\t\t\t\t\t\t<div class=\"elementor-button-wrapper\">\n\t\t\t\t\t<a class=\"elementor-button elementor-button-link elementor-size-sm\" href=\"https:\/\/france3-regions.francetvinfo.fr\/auvergne-rhone-alpes\/puy-de-dome\/ambert\/puy-dome-sportifs-preparent-championnat-france-voltige-aerienne-1855388.html\" target=\"_blank\">\n\t\t\t\t\t\t<span class=\"elementor-button-content-wrapper\">\n\t\t\t\t\t\t<span class=\"elementor-button-icon\">\n\t\t\t\t<i aria-hidden=\"true\" class=\"fas fa-external-link-alt\"><\/i>\t\t\t<\/span>\n\t\t\t\t\t\t\t\t\t<span class=\"elementor-button-text\">Cliquez ici<\/span>\n\t\t\t\t\t<\/span>\n\t\t\t\t\t<\/a>\n\t\t\t\t<\/div>\n\t\t\t\t\t\t\t\t<\/div>\n\t\t\t\t<\/div>\n\t\t\t\t\t<\/div>\n\t\t<\/div>\n\t\t\t\t\t<\/div>\n\t\t<\/section>\n\t\t\t\t<section class=\"elementor-section elementor-top-section elementor-element elementor-element-79d0ffd elementor-section-boxed elementor-section-height-default elementor-section-height-default\" data-id=\"79d0ffd\" data-element_type=\"section\">\n\t\t\t\t\t\t<div class=\"elementor-container elementor-column-gap-default\">\n\t\t\t\t\t<div class=\"elementor-column elementor-col-100 elementor-top-column elementor-element elementor-element-739038a\" data-id=\"739038a\" data-element_type=\"column\">\n\t\t\t<div class=\"elementor-widget-wrap elementor-element-populated\">\n\t\t\t\t\t\t<div class=\"elementor-element elementor-element-25c8001 elementor-widget elementor-widget-spacer\" data-id=\"25c8001\" data-element_type=\"widget\" data-widget_type=\"spacer.default\">\n\t\t\t\t<div class=\"elementor-widget-container\">\n\t\t\t\t\t\t\t<div class=\"elementor-spacer\">\n\t\t\t<div class=\"elementor-spacer-inner\"><\/div>\n\t\t<\/div>\n\t\t\t\t\t\t<\/div>\n\t\t\t\t<\/div>\n\t\t\t\t\t<\/div>\n\t\t<\/div>\n\t\t\t\t\t<\/div>\n\t\t<\/section>\n\t\t\t\t<section class=\"elementor-section elementor-top-section elementor-element elementor-element-0e91166 elementor-section-boxed elementor-section-height-default elementor-section-height-default\" data-id=\"0e91166\" data-element_type=\"section\">\n\t\t\t\t\t\t<div class=\"elementor-container elementor-column-gap-default\">\n\t\t\t\t\t<div class=\"elementor-column elementor-col-33 elementor-top-column elementor-element elementor-element-c2d1771\" data-id=\"c2d1771\" data-element_type=\"column\">\n\t\t\t<div class=\"elementor-widget-wrap elementor-element-populated\">\n\t\t\t\t\t\t<div class=\"elementor-element elementor-element-c9d0694 elementor-widget elementor-widget-image\" data-id=\"c9d0694\" data-element_type=\"widget\" data-widget_type=\"image.default\">\n\t\t\t\t<div class=\"elementor-widget-container\">\n\t\t\t\t\t\t\t\t\t\t\t\t\t\t\t<img loading=\"lazy\" decoding=\"async\" width=\"1024\" height=\"768\" src=\"http:\/\/www.varloteaux.org\/pva\/wp-content\/uploads\/2021\/10\/nr.jpg\" class=\"attachment-large size-large wp-image-2464\" alt=\"\" srcset=\"http:\/\/www.varloteaux.org\/pva\/wp-content\/uploads\/2021\/10\/nr.jpg 1024w, http:\/\/www.varloteaux.org\/pva\/wp-content\/uploads\/2021\/10\/nr-300x225.jpg 300w, http:\/\/www.varloteaux.org\/pva\/wp-content\/uploads\/2021\/10\/nr-768x576.jpg 768w\" sizes=\"(max-width: 1024px) 100vw, 1024px\" \/>\t\t\t\t\t\t\t\t\t\t\t\t\t\t\t<\/div>\n\t\t\t\t<\/div>\n\t\t\t\t<div class=\"elementor-element elementor-element-98c5d2e elementor-widget elementor-widget-heading\" data-id=\"98c5d2e\" data-element_type=\"widget\" data-widget_type=\"heading.default\">\n\t\t\t\t<div class=\"elementor-widget-container\">\n\t\t\t\t\t<h3 class=\"elementor-heading-title elementor-size-default\">La Nouvelle R\u00e9publique<br>08\/2020<\/h3>\t\t\t\t<\/div>\n\t\t\t\t<\/div>\n\t\t\t\t<div class=\"elementor-element elementor-element-2a1c595 elementor-widget elementor-widget-text-editor\" data-id=\"2a1c595\" data-element_type=\"widget\" data-widget_type=\"text-editor.default\">\n\t\t\t\t<div class=\"elementor-widget-container\">\n\t\t\t\t\t\t\t\t\t<p class=\"title_page ng-binding ng-scope\">Ch\u00e2teauroux-Villers : stage de voltige avec les formule 1 des airs<\/p>\t\t\t\t\t\t\t\t<\/div>\n\t\t\t\t<\/div>\n\t\t\t\t<div class=\"elementor-element elementor-element-1d81e90 elementor-align-center elementor-widget elementor-widget-button\" data-id=\"1d81e90\" data-element_type=\"widget\" data-widget_type=\"button.default\">\n\t\t\t\t<div class=\"elementor-widget-container\">\n\t\t\t\t\t\t\t\t\t<div class=\"elementor-button-wrapper\">\n\t\t\t\t\t<a class=\"elementor-button elementor-button-link elementor-size-sm\" href=\"https:\/\/www.lanouvellerepublique.fr\/indre\/commune\/saint-maur\/chateauroux-villers-stage-de-voltige-avec-les-formule-1-des-airs\" target=\"_blank\">\n\t\t\t\t\t\t<span class=\"elementor-button-content-wrapper\">\n\t\t\t\t\t\t<span class=\"elementor-button-icon\">\n\t\t\t\t<i aria-hidden=\"true\" class=\"fas fa-external-link-alt\"><\/i>\t\t\t<\/span>\n\t\t\t\t\t\t\t\t\t<span class=\"elementor-button-text\">Cliquez ici<\/span>\n\t\t\t\t\t<\/span>\n\t\t\t\t\t<\/a>\n\t\t\t\t<\/div>\n\t\t\t\t\t\t\t\t<\/div>\n\t\t\t\t<\/div>\n\t\t\t\t\t<\/div>\n\t\t<\/div>\n\t\t\t\t<div class=\"elementor-column elementor-col-33 elementor-top-column elementor-element elementor-element-31716e6\" data-id=\"31716e6\" data-element_type=\"column\">\n\t\t\t<div class=\"elementor-widget-wrap elementor-element-populated\">\n\t\t\t\t\t\t<div class=\"elementor-element elementor-element-1336462 elementor-widget elementor-widget-image\" data-id=\"1336462\" data-element_type=\"widget\" data-widget_type=\"image.default\">\n\t\t\t\t<div class=\"elementor-widget-container\">\n\t\t\t\t\t\t\t\t\t\t\t\t\t\t\t<img loading=\"lazy\" decoding=\"async\" width=\"1024\" height=\"768\" src=\"http:\/\/www.varloteaux.org\/pva\/wp-content\/uploads\/2021\/10\/ambert-2.jpg\" class=\"attachment-large size-large wp-image-2434\" alt=\"\" srcset=\"http:\/\/www.varloteaux.org\/pva\/wp-content\/uploads\/2021\/10\/ambert-2.jpg 1024w, http:\/\/www.varloteaux.org\/pva\/wp-content\/uploads\/2021\/10\/ambert-2-300x225.jpg 300w, http:\/\/www.varloteaux.org\/pva\/wp-content\/uploads\/2021\/10\/ambert-2-768x576.jpg 768w\" sizes=\"(max-width: 1024px) 100vw, 1024px\" \/>\t\t\t\t\t\t\t\t\t\t\t\t\t\t\t<\/div>\n\t\t\t\t<\/div>\n\t\t\t\t<div class=\"elementor-element elementor-element-8ebda90 elementor-widget elementor-widget-heading\" data-id=\"8ebda90\" data-element_type=\"widget\" data-widget_type=\"heading.default\">\n\t\t\t\t<div class=\"elementor-widget-container\">\n\t\t\t\t\t<h3 class=\"elementor-heading-title elementor-size-default\">A\u00c9ROCLUB AMBERT<br>06\/2020<\/h3>\t\t\t\t<\/div>\n\t\t\t\t<\/div>\n\t\t\t\t<div class=\"elementor-element elementor-element-9106944 elementor-widget elementor-widget-text-editor\" data-id=\"9106944\" data-element_type=\"widget\" data-widget_type=\"text-editor.default\">\n\t\t\t\t<div class=\"elementor-widget-container\">\n\t\t\t\t\t\t\t\t\t<p>Stage de voltige a\u00e9rienne \u00e0 Ambert n\u00b02<br \/><br \/><\/p>\t\t\t\t\t\t\t\t<\/div>\n\t\t\t\t<\/div>\n\t\t\t\t<div class=\"elementor-element elementor-element-7f237b4 elementor-align-center elementor-widget elementor-widget-button\" data-id=\"7f237b4\" data-element_type=\"widget\" data-widget_type=\"button.default\">\n\t\t\t\t<div class=\"elementor-widget-container\">\n\t\t\t\t\t\t\t\t\t<div class=\"elementor-button-wrapper\">\n\t\t\t\t\t<a class=\"elementor-button elementor-button-link elementor-size-sm\" href=\"https:\/\/aeroclub-ambert.fr\/stage-de-voltige-aerienne-a-ambert\/\" target=\"_blank\">\n\t\t\t\t\t\t<span class=\"elementor-button-content-wrapper\">\n\t\t\t\t\t\t<span class=\"elementor-button-icon\">\n\t\t\t\t<i aria-hidden=\"true\" class=\"fas fa-external-link-alt\"><\/i>\t\t\t<\/span>\n\t\t\t\t\t\t\t\t\t<span class=\"elementor-button-text\">Cliquez ici<\/span>\n\t\t\t\t\t<\/span>\n\t\t\t\t\t<\/a>\n\t\t\t\t<\/div>\n\t\t\t\t\t\t\t\t<\/div>\n\t\t\t\t<\/div>\n\t\t\t\t\t<\/div>\n\t\t<\/div>\n\t\t\t\t<div class=\"elementor-column elementor-col-33 elementor-top-column elementor-element elementor-element-e726e2e\" data-id=\"e726e2e\" data-element_type=\"column\">\n\t\t\t<div class=\"elementor-widget-wrap elementor-element-populated\">\n\t\t\t\t\t\t<div class=\"elementor-element elementor-element-f01d1cb elementor-widget elementor-widget-image\" data-id=\"f01d1cb\" data-element_type=\"widget\" data-widget_type=\"image.default\">\n\t\t\t\t<div class=\"elementor-widget-container\">\n\t\t\t\t\t\t\t\t\t\t\t\t\t\t\t<img loading=\"lazy\" decoding=\"async\" width=\"1024\" height=\"768\" src=\"http:\/\/www.varloteaux.org\/pva\/wp-content\/uploads\/2021\/10\/journal-centre.jpg\" class=\"attachment-large size-large wp-image-2469\" alt=\"\" srcset=\"http:\/\/www.varloteaux.org\/pva\/wp-content\/uploads\/2021\/10\/journal-centre.jpg 1024w, http:\/\/www.varloteaux.org\/pva\/wp-content\/uploads\/2021\/10\/journal-centre-300x225.jpg 300w, http:\/\/www.varloteaux.org\/pva\/wp-content\/uploads\/2021\/10\/journal-centre-768x576.jpg 768w\" sizes=\"(max-width: 1024px) 100vw, 1024px\" \/>\t\t\t\t\t\t\t\t\t\t\t\t\t\t\t<\/div>\n\t\t\t\t<\/div>\n\t\t\t\t<div class=\"elementor-element elementor-element-7285cba elementor-widget elementor-widget-heading\" data-id=\"7285cba\" data-element_type=\"widget\" data-widget_type=\"heading.default\">\n\t\t\t\t<div class=\"elementor-widget-container\">\n\t\t\t\t\t<h3 class=\"elementor-heading-title elementor-size-default\">LE JOURNAL DU CENTRE<br>08\/2019<\/h3>\t\t\t\t<\/div>\n\t\t\t\t<\/div>\n\t\t\t\t<div class=\"elementor-element elementor-element-e036ced elementor-widget elementor-widget-text-editor\" data-id=\"e036ced\" data-element_type=\"widget\" data-widget_type=\"text-editor.default\">\n\t\t\t\t<div class=\"elementor-widget-container\">\n\t\t\t\t\t\t\t\t\t<p data-r=\"j\" data-dep=\"58\">Des as de la voltige a\u00e9rienne s&#8217;entra\u00eenent \u00e0 l&#8217;a\u00e9roport de Nevers-Fourchambault&#8230;<\/p>\t\t\t\t\t\t\t\t<\/div>\n\t\t\t\t<\/div>\n\t\t\t\t<div class=\"elementor-element elementor-element-5b85aec elementor-align-center elementor-widget elementor-widget-button\" data-id=\"5b85aec\" data-element_type=\"widget\" data-widget_type=\"button.default\">\n\t\t\t\t<div class=\"elementor-widget-container\">\n\t\t\t\t\t\t\t\t\t<div class=\"elementor-button-wrapper\">\n\t\t\t\t\t<a class=\"elementor-button elementor-button-link elementor-size-sm\" href=\"https:\/\/www.lejdc.fr\/nevers-58000\/sports\/des-as-de-la-voltige-aerienne-s-entrainent-a-l-aeroport-de-nevers-fourchambault-pour-les-championnats-du-monde_13622287\/\" target=\"_blank\">\n\t\t\t\t\t\t<span class=\"elementor-button-content-wrapper\">\n\t\t\t\t\t\t<span class=\"elementor-button-icon\">\n\t\t\t\t<i aria-hidden=\"true\" class=\"fas fa-external-link-alt\"><\/i>\t\t\t<\/span>\n\t\t\t\t\t\t\t\t\t<span class=\"elementor-button-text\">Cliquez ici<\/span>\n\t\t\t\t\t<\/span>\n\t\t\t\t\t<\/a>\n\t\t\t\t<\/div>\n\t\t\t\t\t\t\t\t<\/div>\n\t\t\t\t<\/div>\n\t\t\t\t\t<\/div>\n\t\t<\/div>\n\t\t\t\t\t<\/div>\n\t\t<\/section>\n\t\t\t\t<section class=\"elementor-section elementor-top-section elementor-element elementor-element-21b1493 elementor-section-boxed elementor-section-height-default elementor-section-height-default\" data-id=\"21b1493\" data-element_type=\"section\">\n\t\t\t\t\t\t<div class=\"elementor-container elementor-column-gap-default\">\n\t\t\t\t\t<div class=\"elementor-column elementor-col-100 elementor-top-column elementor-element elementor-element-c2a1a47\" data-id=\"c2a1a47\" data-element_type=\"column\">\n\t\t\t<div class=\"elementor-widget-wrap elementor-element-populated\">\n\t\t\t\t\t\t<div class=\"elementor-element elementor-element-ffdb3bf elementor-widget elementor-widget-spacer\" data-id=\"ffdb3bf\" data-element_type=\"widget\" data-widget_type=\"spacer.default\">\n\t\t\t\t<div class=\"elementor-widget-container\">\n\t\t\t\t\t\t\t<div class=\"elementor-spacer\">\n\t\t\t<div class=\"elementor-spacer-inner\"><\/div>\n\t\t<\/div>\n\t\t\t\t\t\t<\/div>\n\t\t\t\t<\/div>\n\t\t\t\t\t<\/div>\n\t\t<\/div>\n\t\t\t\t\t<\/div>\n\t\t<\/section>\n\t\t\t\t<section class=\"elementor-section elementor-top-section elementor-element elementor-element-4e798e2 elementor-section-boxed elementor-section-height-default elementor-section-height-default\" data-id=\"4e798e2\" data-element_type=\"section\">\n\t\t\t\t\t\t<div class=\"elementor-container elementor-column-gap-default\">\n\t\t\t\t\t<div class=\"elementor-column elementor-col-33 elementor-top-column elementor-element elementor-element-ce3fde5\" data-id=\"ce3fde5\" data-element_type=\"column\">\n\t\t\t<div class=\"elementor-widget-wrap elementor-element-populated\">\n\t\t\t\t\t\t<div class=\"elementor-element elementor-element-ea404f1 elementor-widget elementor-widget-image\" data-id=\"ea404f1\" data-element_type=\"widget\" data-widget_type=\"image.default\">\n\t\t\t\t<div class=\"elementor-widget-container\">\n\t\t\t\t\t\t\t\t\t\t\t\t\t\t\t<img loading=\"lazy\" decoding=\"async\" width=\"1024\" height=\"768\" src=\"http:\/\/www.varloteaux.org\/pva\/wp-content\/uploads\/2021\/10\/maritima.jpg\" class=\"attachment-large size-large wp-image-2419\" alt=\"\" srcset=\"http:\/\/www.varloteaux.org\/pva\/wp-content\/uploads\/2021\/10\/maritima.jpg 1024w, http:\/\/www.varloteaux.org\/pva\/wp-content\/uploads\/2021\/10\/maritima-300x225.jpg 300w, http:\/\/www.varloteaux.org\/pva\/wp-content\/uploads\/2021\/10\/maritima-768x576.jpg 768w\" sizes=\"(max-width: 1024px) 100vw, 1024px\" \/>\t\t\t\t\t\t\t\t\t\t\t\t\t\t\t<\/div>\n\t\t\t\t<\/div>\n\t\t\t\t<div class=\"elementor-element elementor-element-edb591b elementor-widget elementor-widget-heading\" data-id=\"edb591b\" data-element_type=\"widget\" data-widget_type=\"heading.default\">\n\t\t\t\t<div class=\"elementor-widget-container\">\n\t\t\t\t\t<h3 class=\"elementor-heading-title elementor-size-default\">RADIO MARITIMA<br>11\/2017<\/h3>\t\t\t\t<\/div>\n\t\t\t\t<\/div>\n\t\t\t\t<div class=\"elementor-element elementor-element-6feaf33 elementor-widget elementor-widget-text-editor\" data-id=\"6feaf33\" data-element_type=\"widget\" data-widget_type=\"text-editor.default\">\n\t\t\t\t<div class=\"elementor-widget-container\">\n\t\t\t\t\t\t\t\t\t<p id=\"media-title\" class=\"VideoInfoTitle__videoTitle___UDnVC\">Pierre Varloteaux au micro d&#8217;Ulrich T\u00e9chen\u00e9<br \/><br \/><\/p>\t\t\t\t\t\t\t\t<\/div>\n\t\t\t\t<\/div>\n\t\t\t\t<div class=\"elementor-element elementor-element-090fdb3 elementor-align-center elementor-widget elementor-widget-button\" data-id=\"090fdb3\" data-element_type=\"widget\" data-widget_type=\"button.default\">\n\t\t\t\t<div class=\"elementor-widget-container\">\n\t\t\t\t\t\t\t\t\t<div class=\"elementor-button-wrapper\">\n\t\t\t\t\t<a class=\"elementor-button elementor-button-link elementor-size-sm\" href=\"https:\/\/www.dailymotion.com\/video\/x69iu78\" target=\"_blank\">\n\t\t\t\t\t\t<span class=\"elementor-button-content-wrapper\">\n\t\t\t\t\t\t<span class=\"elementor-button-icon\">\n\t\t\t\t<i aria-hidden=\"true\" class=\"fas fa-external-link-alt\"><\/i>\t\t\t<\/span>\n\t\t\t\t\t\t\t\t\t<span class=\"elementor-button-text\">Cliquez ici<\/span>\n\t\t\t\t\t<\/span>\n\t\t\t\t\t<\/a>\n\t\t\t\t<\/div>\n\t\t\t\t\t\t\t\t<\/div>\n\t\t\t\t<\/div>\n\t\t\t\t\t<\/div>\n\t\t<\/div>\n\t\t\t\t<div class=\"elementor-column elementor-col-33 elementor-top-column elementor-element elementor-element-773f1bc\" data-id=\"773f1bc\" data-element_type=\"column\">\n\t\t\t<div class=\"elementor-widget-wrap elementor-element-populated\">\n\t\t\t\t\t\t<div class=\"elementor-element elementor-element-f842708 elementor-widget elementor-widget-image\" data-id=\"f842708\" data-element_type=\"widget\" data-widget_type=\"image.default\">\n\t\t\t\t<div class=\"elementor-widget-container\">\n\t\t\t\t\t\t\t\t\t\t\t\t\t\t\t<img loading=\"lazy\" decoding=\"async\" width=\"1024\" height=\"768\" src=\"http:\/\/www.varloteaux.org\/pva\/wp-content\/uploads\/2021\/10\/journal-aviation.jpg\" class=\"attachment-large size-large wp-image-2465\" alt=\"\" srcset=\"http:\/\/www.varloteaux.org\/pva\/wp-content\/uploads\/2021\/10\/journal-aviation.jpg 1024w, http:\/\/www.varloteaux.org\/pva\/wp-content\/uploads\/2021\/10\/journal-aviation-300x225.jpg 300w, http:\/\/www.varloteaux.org\/pva\/wp-content\/uploads\/2021\/10\/journal-aviation-768x576.jpg 768w\" sizes=\"(max-width: 1024px) 100vw, 1024px\" \/>\t\t\t\t\t\t\t\t\t\t\t\t\t\t\t<\/div>\n\t\t\t\t<\/div>\n\t\t\t\t<div class=\"elementor-element elementor-element-9d658e9 elementor-widget elementor-widget-heading\" data-id=\"9d658e9\" data-element_type=\"widget\" data-widget_type=\"heading.default\">\n\t\t\t\t<div class=\"elementor-widget-container\">\n\t\t\t\t\t<h3 class=\"elementor-heading-title elementor-size-default\">LE JOURNAL DE L'AVIATION<br>09\/2017<\/h3>\t\t\t\t<\/div>\n\t\t\t\t<\/div>\n\t\t\t\t<div class=\"elementor-element elementor-element-6890ad3 elementor-widget elementor-widget-text-editor\" data-id=\"6890ad3\" data-element_type=\"widget\" data-widget_type=\"text-editor.default\">\n\t\t\t\t<div class=\"elementor-widget-container\">\n\t\t\t\t\t\t\t\t\t<p>Championnats de voltige 2017: de Niort \u00e0 Malelane \u00a9 Marie Christophe<\/p>\t\t\t\t\t\t\t\t<\/div>\n\t\t\t\t<\/div>\n\t\t\t\t<div class=\"elementor-element elementor-element-2fac03e elementor-align-center elementor-widget elementor-widget-button\" data-id=\"2fac03e\" data-element_type=\"widget\" data-widget_type=\"button.default\">\n\t\t\t\t<div class=\"elementor-widget-container\">\n\t\t\t\t\t\t\t\t\t<div class=\"elementor-button-wrapper\">\n\t\t\t\t\t<a class=\"elementor-button elementor-button-link elementor-size-sm\" href=\"https:\/\/www.journal-aviation.com\/actualites\/37906-championnats-de-voltige-2017-de-niort-a-malelane\" target=\"_blank\">\n\t\t\t\t\t\t<span class=\"elementor-button-content-wrapper\">\n\t\t\t\t\t\t<span class=\"elementor-button-icon\">\n\t\t\t\t<i aria-hidden=\"true\" class=\"fas fa-external-link-alt\"><\/i>\t\t\t<\/span>\n\t\t\t\t\t\t\t\t\t<span class=\"elementor-button-text\">Cliquez ici<\/span>\n\t\t\t\t\t<\/span>\n\t\t\t\t\t<\/a>\n\t\t\t\t<\/div>\n\t\t\t\t\t\t\t\t<\/div>\n\t\t\t\t<\/div>\n\t\t\t\t\t<\/div>\n\t\t<\/div>\n\t\t\t\t<div class=\"elementor-column elementor-col-33 elementor-top-column elementor-element elementor-element-e899be6\" data-id=\"e899be6\" data-element_type=\"column\">\n\t\t\t<div class=\"elementor-widget-wrap elementor-element-populated\">\n\t\t\t\t\t\t<div class=\"elementor-element elementor-element-2dbc265 elementor-widget elementor-widget-image\" data-id=\"2dbc265\" data-element_type=\"widget\" data-widget_type=\"image.default\">\n\t\t\t\t<div class=\"elementor-widget-container\">\n\t\t\t\t\t\t\t\t\t\t\t\t\t\t\t<img loading=\"lazy\" decoding=\"async\" width=\"1024\" height=\"768\" src=\"http:\/\/www.varloteaux.org\/pva\/wp-content\/uploads\/2021\/10\/aa.jpg\" class=\"attachment-large size-large wp-image-2454\" alt=\"\" srcset=\"http:\/\/www.varloteaux.org\/pva\/wp-content\/uploads\/2021\/10\/aa.jpg 1024w, http:\/\/www.varloteaux.org\/pva\/wp-content\/uploads\/2021\/10\/aa-300x225.jpg 300w, http:\/\/www.varloteaux.org\/pva\/wp-content\/uploads\/2021\/10\/aa-768x576.jpg 768w\" sizes=\"(max-width: 1024px) 100vw, 1024px\" \/>\t\t\t\t\t\t\t\t\t\t\t\t\t\t\t<\/div>\n\t\t\t\t<\/div>\n\t\t\t\t<div class=\"elementor-element elementor-element-39b2665 elementor-widget elementor-widget-heading\" data-id=\"39b2665\" data-element_type=\"widget\" data-widget_type=\"heading.default\">\n\t\t\t\t<div class=\"elementor-widget-container\">\n\t\t\t\t\t<h3 class=\"elementor-heading-title elementor-size-default\">Minist\u00e8re des arm\u00e9es<br>02\/2016<\/h3>\t\t\t\t<\/div>\n\t\t\t\t<\/div>\n\t\t\t\t<div class=\"elementor-element elementor-element-f4f2df3 elementor-widget elementor-widget-text-editor\" data-id=\"f4f2df3\" data-element_type=\"widget\" data-widget_type=\"text-editor.default\">\n\t\t\t\t<div class=\"elementor-widget-container\">\n\t\t\t\t\t\t\t\t\t<p>Le futur Rafale Solo Display commence sa pr\u00e9paration en vol \u00a9 JL.Brunet\/Arm\u00e9e de l&#8217;air<\/p>\t\t\t\t\t\t\t\t<\/div>\n\t\t\t\t<\/div>\n\t\t\t\t<div class=\"elementor-element elementor-element-d4b6026 elementor-align-center elementor-widget elementor-widget-button\" data-id=\"d4b6026\" data-element_type=\"widget\" data-widget_type=\"button.default\">\n\t\t\t\t<div class=\"elementor-widget-container\">\n\t\t\t\t\t\t\t\t\t<div class=\"elementor-button-wrapper\">\n\t\t\t\t\t<a class=\"elementor-button elementor-button-link elementor-size-sm\" href=\"https:\/\/www.defense.gouv.fr\/actualites\/communaute-defense\/le-futur-rafale-solo-display-commence-sa-preparation-en-vol\" target=\"_blank\">\n\t\t\t\t\t\t<span class=\"elementor-button-content-wrapper\">\n\t\t\t\t\t\t<span class=\"elementor-button-icon\">\n\t\t\t\t<i aria-hidden=\"true\" class=\"fas fa-external-link-alt\"><\/i>\t\t\t<\/span>\n\t\t\t\t\t\t\t\t\t<span class=\"elementor-button-text\">Cliquez ici<\/span>\n\t\t\t\t\t<\/span>\n\t\t\t\t\t<\/a>\n\t\t\t\t<\/div>\n\t\t\t\t\t\t\t\t<\/div>\n\t\t\t\t<\/div>\n\t\t\t\t\t<\/div>\n\t\t<\/div>\n\t\t\t\t\t<\/div>\n\t\t<\/section>\n\t\t\t\t<section class=\"elementor-section elementor-top-section elementor-element elementor-element-f527392 elementor-section-boxed elementor-section-height-default elementor-section-height-default\" data-id=\"f527392\" data-element_type=\"section\">\n\t\t\t\t\t\t<div class=\"elementor-container elementor-column-gap-default\">\n\t\t\t\t\t<div class=\"elementor-column elementor-col-100 elementor-top-column elementor-element elementor-element-044ddcb\" data-id=\"044ddcb\" data-element_type=\"column\">\n\t\t\t<div class=\"elementor-widget-wrap elementor-element-populated\">\n\t\t\t\t\t\t<div class=\"elementor-element elementor-element-7eb5ca1 elementor-widget elementor-widget-spacer\" data-id=\"7eb5ca1\" data-element_type=\"widget\" data-widget_type=\"spacer.default\">\n\t\t\t\t<div class=\"elementor-widget-container\">\n\t\t\t\t\t\t\t<div class=\"elementor-spacer\">\n\t\t\t<div class=\"elementor-spacer-inner\"><\/div>\n\t\t<\/div>\n\t\t\t\t\t\t<\/div>\n\t\t\t\t<\/div>\n\t\t\t\t\t<\/div>\n\t\t<\/div>\n\t\t\t\t\t<\/div>\n\t\t<\/section>\n\t\t\t\t<section class=\"elementor-section elementor-top-section elementor-element elementor-element-d827b84 elementor-section-boxed elementor-section-height-default elementor-section-height-default\" data-id=\"d827b84\" data-element_type=\"section\">\n\t\t\t\t\t\t<div class=\"elementor-container elementor-column-gap-default\">\n\t\t\t\t\t<div class=\"elementor-column elementor-col-33 elementor-top-column elementor-element elementor-element-de7b6f3\" data-id=\"de7b6f3\" data-element_type=\"column\">\n\t\t\t<div class=\"elementor-widget-wrap elementor-element-populated\">\n\t\t\t\t\t\t<div class=\"elementor-element elementor-element-817e6b4 elementor-widget elementor-widget-image\" data-id=\"817e6b4\" data-element_type=\"widget\" data-widget_type=\"image.default\">\n\t\t\t\t<div class=\"elementor-widget-container\">\n\t\t\t\t\t\t\t\t\t\t\t\t\t\t\t<img loading=\"lazy\" decoding=\"async\" width=\"1024\" height=\"768\" src=\"http:\/\/www.varloteaux.org\/pva\/wp-content\/uploads\/2021\/10\/depeche-2.jpg\" class=\"attachment-large size-large wp-image-2436\" alt=\"\" srcset=\"http:\/\/www.varloteaux.org\/pva\/wp-content\/uploads\/2021\/10\/depeche-2.jpg 1024w, http:\/\/www.varloteaux.org\/pva\/wp-content\/uploads\/2021\/10\/depeche-2-300x225.jpg 300w, http:\/\/www.varloteaux.org\/pva\/wp-content\/uploads\/2021\/10\/depeche-2-768x576.jpg 768w\" sizes=\"(max-width: 1024px) 100vw, 1024px\" \/>\t\t\t\t\t\t\t\t\t\t\t\t\t\t\t<\/div>\n\t\t\t\t<\/div>\n\t\t\t\t<div class=\"elementor-element elementor-element-0c6225e elementor-widget elementor-widget-heading\" data-id=\"0c6225e\" data-element_type=\"widget\" data-widget_type=\"heading.default\">\n\t\t\t\t<div class=\"elementor-widget-container\">\n\t\t\t\t\t<h3 class=\"elementor-heading-title elementor-size-default\">La d\u00e9p\u00eache du Midi<br>09\/2015<\/h3>\t\t\t\t<\/div>\n\t\t\t\t<\/div>\n\t\t\t\t<div class=\"elementor-element elementor-element-ed4cda5 elementor-widget elementor-widget-text-editor\" data-id=\"ed4cda5\" data-element_type=\"widget\" data-widget_type=\"text-editor.default\">\n\t\t\t\t<div class=\"elementor-widget-container\">\n\t\t\t\t\t\t\t\t\t<p class=\"article-full__title\">30\u00e8me Montgolfiades de Rocamadour : \u00abRien \u00e0 voir avec le meeting sur piste\u00bb<\/p>\t\t\t\t\t\t\t\t<\/div>\n\t\t\t\t<\/div>\n\t\t\t\t<div class=\"elementor-element elementor-element-b43cbd7 elementor-align-center elementor-widget elementor-widget-button\" data-id=\"b43cbd7\" data-element_type=\"widget\" data-widget_type=\"button.default\">\n\t\t\t\t<div class=\"elementor-widget-container\">\n\t\t\t\t\t\t\t\t\t<div class=\"elementor-button-wrapper\">\n\t\t\t\t\t<a class=\"elementor-button elementor-button-link elementor-size-sm\" href=\"https:\/\/www.ladepeche.fr\/article\/2015\/09\/25\/2184451-rien-a-voir-avec-le-meeting-sur-piste.html\" target=\"_blank\">\n\t\t\t\t\t\t<span class=\"elementor-button-content-wrapper\">\n\t\t\t\t\t\t<span class=\"elementor-button-icon\">\n\t\t\t\t<i aria-hidden=\"true\" class=\"fas fa-external-link-alt\"><\/i>\t\t\t<\/span>\n\t\t\t\t\t\t\t\t\t<span class=\"elementor-button-text\">Cliquez ici<\/span>\n\t\t\t\t\t<\/span>\n\t\t\t\t\t<\/a>\n\t\t\t\t<\/div>\n\t\t\t\t\t\t\t\t<\/div>\n\t\t\t\t<\/div>\n\t\t\t\t\t<\/div>\n\t\t<\/div>\n\t\t\t\t<div class=\"elementor-column elementor-col-33 elementor-top-column elementor-element elementor-element-9bcf5ce\" data-id=\"9bcf5ce\" data-element_type=\"column\">\n\t\t\t<div class=\"elementor-widget-wrap elementor-element-populated\">\n\t\t\t\t\t\t<div class=\"elementor-element elementor-element-fb5fe51 elementor-widget elementor-widget-image\" data-id=\"fb5fe51\" data-element_type=\"widget\" data-widget_type=\"image.default\">\n\t\t\t\t<div class=\"elementor-widget-container\">\n\t\t\t\t\t\t\t\t\t\t\t\t\t\t\t<img loading=\"lazy\" decoding=\"async\" width=\"1024\" height=\"768\" src=\"http:\/\/www.varloteaux.org\/pva\/wp-content\/uploads\/2021\/10\/rodez.jpg\" class=\"attachment-large size-large wp-image-2414\" alt=\"\" srcset=\"http:\/\/www.varloteaux.org\/pva\/wp-content\/uploads\/2021\/10\/rodez.jpg 1024w, http:\/\/www.varloteaux.org\/pva\/wp-content\/uploads\/2021\/10\/rodez-300x225.jpg 300w, http:\/\/www.varloteaux.org\/pva\/wp-content\/uploads\/2021\/10\/rodez-768x576.jpg 768w\" sizes=\"(max-width: 1024px) 100vw, 1024px\" \/>\t\t\t\t\t\t\t\t\t\t\t\t\t\t\t<\/div>\n\t\t\t\t<\/div>\n\t\t\t\t<div class=\"elementor-element elementor-element-2525d71 elementor-widget elementor-widget-heading\" data-id=\"2525d71\" data-element_type=\"widget\" data-widget_type=\"heading.default\">\n\t\t\t\t<div class=\"elementor-widget-container\">\n\t\t\t\t\t<h3 class=\"elementor-heading-title elementor-size-default\">La d\u00e9p\u00eache du Midi<br>09\/2015<\/h3>\t\t\t\t<\/div>\n\t\t\t\t<\/div>\n\t\t\t\t<div class=\"elementor-element elementor-element-8db2c6a elementor-widget elementor-widget-text-editor\" data-id=\"8db2c6a\" data-element_type=\"widget\" data-widget_type=\"text-editor.default\">\n\t\t\t\t<div class=\"elementor-widget-container\">\n\t\t\t\t\t\t\t\t\t<p>A Rodez, rencontre avec le capitaine Varloteaux, \u00e0 la t\u00eate de l&#8217;\u00e9quipe de voltige de l&#8217;arm\u00e9e de l&#8217;air.<\/p>\t\t\t\t\t\t\t\t<\/div>\n\t\t\t\t<\/div>\n\t\t\t\t<div class=\"elementor-element elementor-element-f6f6ebe elementor-align-center elementor-widget elementor-widget-button\" data-id=\"f6f6ebe\" data-element_type=\"widget\" data-widget_type=\"button.default\">\n\t\t\t\t<div class=\"elementor-widget-container\">\n\t\t\t\t\t\t\t\t\t<div class=\"elementor-button-wrapper\">\n\t\t\t\t\t<a class=\"elementor-button elementor-button-link elementor-size-sm\" href=\"https:\/\/www.ladepeche.fr\/article\/2015\/09\/15\/2177436-rencontre-capitaine-varloteaux-tete-equipe-voltige-armee-air.html\" target=\"_blank\">\n\t\t\t\t\t\t<span class=\"elementor-button-content-wrapper\">\n\t\t\t\t\t\t<span class=\"elementor-button-icon\">\n\t\t\t\t<i aria-hidden=\"true\" class=\"fas fa-external-link-alt\"><\/i>\t\t\t<\/span>\n\t\t\t\t\t\t\t\t\t<span class=\"elementor-button-text\">Cliquez ici<\/span>\n\t\t\t\t\t<\/span>\n\t\t\t\t\t<\/a>\n\t\t\t\t<\/div>\n\t\t\t\t\t\t\t\t<\/div>\n\t\t\t\t<\/div>\n\t\t\t\t\t<\/div>\n\t\t<\/div>\n\t\t\t\t<div class=\"elementor-column elementor-col-33 elementor-top-column elementor-element elementor-element-9e5fca3\" data-id=\"9e5fca3\" data-element_type=\"column\">\n\t\t\t<div class=\"elementor-widget-wrap elementor-element-populated\">\n\t\t\t\t\t\t<div class=\"elementor-element elementor-element-9645bf6 elementor-widget elementor-widget-image\" data-id=\"9645bf6\" data-element_type=\"widget\" data-widget_type=\"image.default\">\n\t\t\t\t<div class=\"elementor-widget-container\">\n\t\t\t\t\t\t\t\t\t\t\t\t\t\t\t<img loading=\"lazy\" decoding=\"async\" width=\"1024\" height=\"768\" src=\"http:\/\/www.varloteaux.org\/pva\/wp-content\/uploads\/2021\/10\/aerobuzz.jpg\" class=\"attachment-large size-large wp-image-2424\" alt=\"\" srcset=\"http:\/\/www.varloteaux.org\/pva\/wp-content\/uploads\/2021\/10\/aerobuzz.jpg 1024w, http:\/\/www.varloteaux.org\/pva\/wp-content\/uploads\/2021\/10\/aerobuzz-300x225.jpg 300w, http:\/\/www.varloteaux.org\/pva\/wp-content\/uploads\/2021\/10\/aerobuzz-768x576.jpg 768w\" sizes=\"(max-width: 1024px) 100vw, 1024px\" \/>\t\t\t\t\t\t\t\t\t\t\t\t\t\t\t<\/div>\n\t\t\t\t<\/div>\n\t\t\t\t<div class=\"elementor-element elementor-element-75c4f1f elementor-widget elementor-widget-heading\" data-id=\"75c4f1f\" data-element_type=\"widget\" data-widget_type=\"heading.default\">\n\t\t\t\t<div class=\"elementor-widget-container\">\n\t\t\t\t\t<h3 class=\"elementor-heading-title elementor-size-default\">AEROBUZZ<br>11\/2015<\/h3>\t\t\t\t<\/div>\n\t\t\t\t<\/div>\n\t\t\t\t<div class=\"elementor-element elementor-element-d82ba2a elementor-widget elementor-widget-text-editor\" data-id=\"d82ba2a\" data-element_type=\"widget\" data-widget_type=\"text-editor.default\">\n\t\t\t\t<div class=\"elementor-widget-container\">\n\t\t\t\t\t\t\t\t\t<p class=\"entry-title\">Nouveau chef et nouvelle \u00e9quipe \u00e0 l\u2019EVAA.<br \/><br \/><\/p>\t\t\t\t\t\t\t\t<\/div>\n\t\t\t\t<\/div>\n\t\t\t\t<div class=\"elementor-element elementor-element-8f0323c elementor-align-center elementor-widget elementor-widget-button\" data-id=\"8f0323c\" data-element_type=\"widget\" data-widget_type=\"button.default\">\n\t\t\t\t<div class=\"elementor-widget-container\">\n\t\t\t\t\t\t\t\t\t<div class=\"elementor-button-wrapper\">\n\t\t\t\t\t<a class=\"elementor-button elementor-button-link elementor-size-sm\" href=\"https:\/\/www.aerobuzz.fr\/breves-defense\/nouveau-chef-et-nouvelle-equipe-a\/\" target=\"_blank\">\n\t\t\t\t\t\t<span class=\"elementor-button-content-wrapper\">\n\t\t\t\t\t\t<span class=\"elementor-button-icon\">\n\t\t\t\t<i aria-hidden=\"true\" class=\"fas fa-external-link-alt\"><\/i>\t\t\t<\/span>\n\t\t\t\t\t\t\t\t\t<span class=\"elementor-button-text\">Cliquez ici<\/span>\n\t\t\t\t\t<\/span>\n\t\t\t\t\t<\/a>\n\t\t\t\t<\/div>\n\t\t\t\t\t\t\t\t<\/div>\n\t\t\t\t<\/div>\n\t\t\t\t\t<\/div>\n\t\t<\/div>\n\t\t\t\t\t<\/div>\n\t\t<\/section>\n\t\t\t\t<section class=\"elementor-section elementor-top-section elementor-element elementor-element-6f893e1 elementor-section-boxed elementor-section-height-default elementor-section-height-default\" data-id=\"6f893e1\" data-element_type=\"section\">\n\t\t\t\t\t\t<div class=\"elementor-container elementor-column-gap-default\">\n\t\t\t\t\t<div class=\"elementor-column elementor-col-100 elementor-top-column elementor-element elementor-element-23344dc\" data-id=\"23344dc\" data-element_type=\"column\">\n\t\t\t<div class=\"elementor-widget-wrap elementor-element-populated\">\n\t\t\t\t\t\t<div class=\"elementor-element elementor-element-a970822 elementor-widget elementor-widget-spacer\" data-id=\"a970822\" data-element_type=\"widget\" data-widget_type=\"spacer.default\">\n\t\t\t\t<div class=\"elementor-widget-container\">\n\t\t\t\t\t\t\t<div class=\"elementor-spacer\">\n\t\t\t<div class=\"elementor-spacer-inner\"><\/div>\n\t\t<\/div>\n\t\t\t\t\t\t<\/div>\n\t\t\t\t<\/div>\n\t\t\t\t\t<\/div>\n\t\t<\/div>\n\t\t\t\t\t<\/div>\n\t\t<\/section>\n\t\t\t\t<section class=\"elementor-section elementor-top-section elementor-element elementor-element-ec52d60 elementor-section-boxed elementor-section-height-default elementor-section-height-default\" data-id=\"ec52d60\" data-element_type=\"section\">\n\t\t\t\t\t\t<div class=\"elementor-container elementor-column-gap-default\">\n\t\t\t\t\t<div class=\"elementor-column elementor-col-33 elementor-top-column elementor-element elementor-element-40a3e16\" data-id=\"40a3e16\" data-element_type=\"column\">\n\t\t\t<div class=\"elementor-widget-wrap elementor-element-populated\">\n\t\t\t\t\t\t<div class=\"elementor-element elementor-element-50c6110 elementor-widget elementor-widget-image\" data-id=\"50c6110\" data-element_type=\"widget\" data-widget_type=\"image.default\">\n\t\t\t\t<div class=\"elementor-widget-container\">\n\t\t\t\t\t\t\t\t\t\t\t\t\t\t\t<img loading=\"lazy\" decoding=\"async\" width=\"1024\" height=\"768\" src=\"http:\/\/www.varloteaux.org\/pva\/wp-content\/uploads\/2021\/10\/franceinfo.jpg\" class=\"attachment-large size-large wp-image-2444\" alt=\"\" srcset=\"http:\/\/www.varloteaux.org\/pva\/wp-content\/uploads\/2021\/10\/franceinfo.jpg 1024w, http:\/\/www.varloteaux.org\/pva\/wp-content\/uploads\/2021\/10\/franceinfo-300x225.jpg 300w, http:\/\/www.varloteaux.org\/pva\/wp-content\/uploads\/2021\/10\/franceinfo-768x576.jpg 768w\" sizes=\"(max-width: 1024px) 100vw, 1024px\" \/>\t\t\t\t\t\t\t\t\t\t\t\t\t\t\t<\/div>\n\t\t\t\t<\/div>\n\t\t\t\t<div class=\"elementor-element elementor-element-b9cea91 elementor-widget elementor-widget-heading\" data-id=\"b9cea91\" data-element_type=\"widget\" data-widget_type=\"heading.default\">\n\t\t\t\t<div class=\"elementor-widget-container\">\n\t\t\t\t\t<h3 class=\"elementor-heading-title elementor-size-default\">FRANCE INFO CULTURE<br>05\/2013<\/h3>\t\t\t\t<\/div>\n\t\t\t\t<\/div>\n\t\t\t\t<div class=\"elementor-element elementor-element-f066983 elementor-widget elementor-widget-text-editor\" data-id=\"f066983\" data-element_type=\"widget\" data-widget_type=\"text-editor.default\">\n\t\t\t\t<div class=\"elementor-widget-container\">\n\t\t\t\t\t\t\t\t\t<p class=\"c-title \"><span class=\"c-title__main\">La chor\u00e9graphe Kitsou Dubois fait danser les as de la voltige pour Marseille<\/span><\/p>\t\t\t\t\t\t\t\t<\/div>\n\t\t\t\t<\/div>\n\t\t\t\t<div class=\"elementor-element elementor-element-c9a87f6 elementor-align-center elementor-widget elementor-widget-button\" data-id=\"c9a87f6\" data-element_type=\"widget\" data-widget_type=\"button.default\">\n\t\t\t\t<div class=\"elementor-widget-container\">\n\t\t\t\t\t\t\t\t\t<div class=\"elementor-button-wrapper\">\n\t\t\t\t\t<a class=\"elementor-button elementor-button-link elementor-size-sm\" href=\"https:\/\/www.francetvinfo.fr\/culture\/spectacles\/danse\/la-choregraphe-kitsou-dubois-fait-danser-les-as-de-la-voltige-pour-marseille_3310871.html\" target=\"_blank\">\n\t\t\t\t\t\t<span class=\"elementor-button-content-wrapper\">\n\t\t\t\t\t\t<span class=\"elementor-button-icon\">\n\t\t\t\t<i aria-hidden=\"true\" class=\"fas fa-external-link-alt\"><\/i>\t\t\t<\/span>\n\t\t\t\t\t\t\t\t\t<span class=\"elementor-button-text\">Cliquez ici<\/span>\n\t\t\t\t\t<\/span>\n\t\t\t\t\t<\/a>\n\t\t\t\t<\/div>\n\t\t\t\t\t\t\t\t<\/div>\n\t\t\t\t<\/div>\n\t\t\t\t\t<\/div>\n\t\t<\/div>\n\t\t\t\t<div class=\"elementor-column elementor-col-33 elementor-top-column elementor-element elementor-element-6d6cd35\" data-id=\"6d6cd35\" data-element_type=\"column\">\n\t\t\t<div class=\"elementor-widget-wrap elementor-element-populated\">\n\t\t\t\t\t\t<div class=\"elementor-element elementor-element-ca60bc3 elementor-widget elementor-widget-image\" data-id=\"ca60bc3\" data-element_type=\"widget\" data-widget_type=\"image.default\">\n\t\t\t\t<div class=\"elementor-widget-container\">\n\t\t\t\t\t\t\t\t\t\t\t\t\t\t\t<img loading=\"lazy\" decoding=\"async\" width=\"1024\" height=\"768\" src=\"http:\/\/www.varloteaux.org\/pva\/wp-content\/uploads\/2021\/10\/aa-2.jpg\" class=\"attachment-large size-large wp-image-2455\" alt=\"\" srcset=\"http:\/\/www.varloteaux.org\/pva\/wp-content\/uploads\/2021\/10\/aa-2.jpg 1024w, http:\/\/www.varloteaux.org\/pva\/wp-content\/uploads\/2021\/10\/aa-2-300x225.jpg 300w, http:\/\/www.varloteaux.org\/pva\/wp-content\/uploads\/2021\/10\/aa-2-768x576.jpg 768w\" sizes=\"(max-width: 1024px) 100vw, 1024px\" \/>\t\t\t\t\t\t\t\t\t\t\t\t\t\t\t<\/div>\n\t\t\t\t<\/div>\n\t\t\t\t<div class=\"elementor-element elementor-element-46fc211 elementor-widget elementor-widget-heading\" data-id=\"46fc211\" data-element_type=\"widget\" data-widget_type=\"heading.default\">\n\t\t\t\t<div class=\"elementor-widget-container\">\n\t\t\t\t\t<h3 class=\"elementor-heading-title elementor-size-default\">Arm\u00e9e de l'Air<br>06\/2012<\/h3>\t\t\t\t<\/div>\n\t\t\t\t<\/div>\n\t\t\t\t<div class=\"elementor-element elementor-element-da7c4f0 elementor-widget elementor-widget-text-editor\" data-id=\"da7c4f0\" data-element_type=\"widget\" data-widget_type=\"text-editor.default\">\n\t\t\t\t<div class=\"elementor-widget-container\">\n\t\t\t\t\t\t\t\t\t<p><span class=\"ezstring-field\">Deux places sur le podium pour l\u2019\u00e9quipe de voltige<br \/>\u00a9 Arm\u00e9e de l&#8217;Air<\/span><\/p>\t\t\t\t\t\t\t\t<\/div>\n\t\t\t\t<\/div>\n\t\t\t\t<div class=\"elementor-element elementor-element-460d57d elementor-align-center elementor-widget elementor-widget-button\" data-id=\"460d57d\" data-element_type=\"widget\" data-widget_type=\"button.default\">\n\t\t\t\t<div class=\"elementor-widget-container\">\n\t\t\t\t\t\t\t\t\t<div class=\"elementor-button-wrapper\">\n\t\t\t\t\t<a class=\"elementor-button elementor-button-link elementor-size-sm\" href=\"#\" target=\"_blank\">\n\t\t\t\t\t\t<span class=\"elementor-button-content-wrapper\">\n\t\t\t\t\t\t<span class=\"elementor-button-icon\">\n\t\t\t\t<i aria-hidden=\"true\" class=\"fas fa-external-link-alt\"><\/i>\t\t\t<\/span>\n\t\t\t\t\t\t\t\t\t<span class=\"elementor-button-text\">Cliquez ici<\/span>\n\t\t\t\t\t<\/span>\n\t\t\t\t\t<\/a>\n\t\t\t\t<\/div>\n\t\t\t\t\t\t\t\t<\/div>\n\t\t\t\t<\/div>\n\t\t\t\t\t<\/div>\n\t\t<\/div>\n\t\t\t\t<div class=\"elementor-column elementor-col-33 elementor-top-column elementor-element elementor-element-45be821\" data-id=\"45be821\" data-element_type=\"column\">\n\t\t\t<div class=\"elementor-widget-wrap elementor-element-populated\">\n\t\t\t\t\t\t<div class=\"elementor-element elementor-element-f5a2ee6 elementor-widget elementor-widget-image\" data-id=\"f5a2ee6\" data-element_type=\"widget\" data-widget_type=\"image.default\">\n\t\t\t\t<div class=\"elementor-widget-container\">\n\t\t\t\t\t\t\t\t\t\t\t\t\t\t\t<img loading=\"lazy\" decoding=\"async\" width=\"1024\" height=\"768\" src=\"http:\/\/www.varloteaux.org\/pva\/wp-content\/uploads\/2021\/10\/maritima-2.jpg\" class=\"attachment-large size-large wp-image-2485\" alt=\"\" srcset=\"http:\/\/www.varloteaux.org\/pva\/wp-content\/uploads\/2021\/10\/maritima-2.jpg 1024w, http:\/\/www.varloteaux.org\/pva\/wp-content\/uploads\/2021\/10\/maritima-2-300x225.jpg 300w, http:\/\/www.varloteaux.org\/pva\/wp-content\/uploads\/2021\/10\/maritima-2-768x576.jpg 768w\" sizes=\"(max-width: 1024px) 100vw, 1024px\" \/>\t\t\t\t\t\t\t\t\t\t\t\t\t\t\t<\/div>\n\t\t\t\t<\/div>\n\t\t\t\t<div class=\"elementor-element elementor-element-a14cad7 elementor-widget elementor-widget-heading\" data-id=\"a14cad7\" data-element_type=\"widget\" data-widget_type=\"heading.default\">\n\t\t\t\t<div class=\"elementor-widget-container\">\n\t\t\t\t\t<h3 class=\"elementor-heading-title elementor-size-default\">MARITIMA<br>04\/20121<\/h3>\t\t\t\t<\/div>\n\t\t\t\t<\/div>\n\t\t\t\t<div class=\"elementor-element elementor-element-ed5e234 elementor-widget elementor-widget-text-editor\" data-id=\"ed5e234\" data-element_type=\"widget\" data-widget_type=\"text-editor.default\">\n\t\t\t\t<div class=\"elementor-widget-container\">\n\t\t\t\t\t\t\t\t\t<p>Philippe Candeloro invit\u00e9 de la base a\u00e9rienne de Salon<\/p>\t\t\t\t\t\t\t\t<\/div>\n\t\t\t\t<\/div>\n\t\t\t\t<div class=\"elementor-element elementor-element-9006133 elementor-align-center elementor-widget elementor-widget-button\" data-id=\"9006133\" data-element_type=\"widget\" data-widget_type=\"button.default\">\n\t\t\t\t<div class=\"elementor-widget-container\">\n\t\t\t\t\t\t\t\t\t<div class=\"elementor-button-wrapper\">\n\t\t\t\t\t<a class=\"elementor-button elementor-button-link elementor-size-sm\" href=\"https:\/\/www.maritima.info\/actualites\/societe\/salon-de-provence\/780\/philippe-candeloro-invite-de-la-base-aerienne-de-salon.html\" target=\"_blank\">\n\t\t\t\t\t\t<span class=\"elementor-button-content-wrapper\">\n\t\t\t\t\t\t<span class=\"elementor-button-icon\">\n\t\t\t\t<i aria-hidden=\"true\" class=\"fas fa-external-link-alt\"><\/i>\t\t\t<\/span>\n\t\t\t\t\t\t\t\t\t<span class=\"elementor-button-text\">Cliquez ici<\/span>\n\t\t\t\t\t<\/span>\n\t\t\t\t\t<\/a>\n\t\t\t\t<\/div>\n\t\t\t\t\t\t\t\t<\/div>\n\t\t\t\t<\/div>\n\t\t\t\t\t<\/div>\n\t\t<\/div>\n\t\t\t\t\t<\/div>\n\t\t<\/section>\n\t\t\t\t<section class=\"elementor-section elementor-top-section elementor-element elementor-element-bdfcd00 elementor-section-boxed elementor-section-height-default elementor-section-height-default\" data-id=\"bdfcd00\" data-element_type=\"section\">\n\t\t\t\t\t\t<div class=\"elementor-container elementor-column-gap-default\">\n\t\t\t\t\t<div class=\"elementor-column elementor-col-100 elementor-top-column elementor-element elementor-element-8eaa0f8\" data-id=\"8eaa0f8\" data-element_type=\"column\">\n\t\t\t<div class=\"elementor-widget-wrap elementor-element-populated\">\n\t\t\t\t\t\t<div class=\"elementor-element elementor-element-e7432b4 elementor-widget elementor-widget-spacer\" data-id=\"e7432b4\" data-element_type=\"widget\" data-widget_type=\"spacer.default\">\n\t\t\t\t<div class=\"elementor-widget-container\">\n\t\t\t\t\t\t\t<div class=\"elementor-spacer\">\n\t\t\t<div class=\"elementor-spacer-inner\"><\/div>\n\t\t<\/div>\n\t\t\t\t\t\t<\/div>\n\t\t\t\t<\/div>\n\t\t\t\t\t<\/div>\n\t\t<\/div>\n\t\t\t\t\t<\/div>\n\t\t<\/section>\n\t\t\t\t<\/div>\n\t\t","protected":false},"excerpt":{"rendered":"<p>Articles de presse \/ M\u00e9dias LA NOUVELLE R\u00c9PUBLIQUE06\/2021 La championne M\u00e9lanie Astles \u00e0 l\u2019a\u00e9ro-club Cliquez ici FRANCE 3 AUVERGNE07\/2020 Puy-de-D\u00f4me : des sportifs pr\u00e9parent le championnat de France de voltige a\u00e9rienne Cliquez ici La Nouvelle R\u00e9publique08\/2020 Ch\u00e2teauroux-Villers : stage de voltige avec les formule 1 des airs Cliquez ici A\u00c9ROCLUB AMBERT06\/2020 Stage de voltige a\u00e9rienne&hellip; <br \/> <a class=\"read-more\" href=\"http:\/\/www.varloteaux.org\/pva\/medias\/medias-presse\/\">Read more<\/a><\/p>\n","protected":false},"author":1,"featured_media":0,"parent":864,"menu_order":0,"comment_status":"closed","ping_status":"closed","template":"","meta":{"footnotes":""},"class_list":["post-1146","page","type-page","status-publish","hentry"],"yoast_head":"<!-- This site is optimized with the Yoast SEO plugin v25.6 - https:\/\/yoast.com\/wordpress\/plugins\/seo\/ -->\n<title>M\u00e9dias - Presse - Pierre Varloteaux Aerobatics<\/title>\n<meta name=\"robots\" content=\"index, follow, max-snippet:-1, max-image-preview:large, max-video-preview:-1\" \/>\n<link rel=\"canonical\" href=\"http:\/\/www.varloteaux.org\/pva\/medias\/medias-presse\/\" \/>\n<meta property=\"og:locale\" content=\"fr_FR\" \/>\n<meta property=\"og:type\" content=\"article\" \/>\n<meta property=\"og:title\" content=\"M\u00e9dias - Presse - Pierre Varloteaux Aerobatics\" \/>\n<meta property=\"og:description\" content=\"Articles de presse \/ M\u00e9dias LA NOUVELLE R\u00c9PUBLIQUE06\/2021 La championne M\u00e9lanie Astles \u00e0 l\u2019a\u00e9ro-club Cliquez ici FRANCE 3 AUVERGNE07\/2020 Puy-de-D\u00f4me : des sportifs pr\u00e9parent le championnat de France de voltige a\u00e9rienne Cliquez ici La Nouvelle R\u00e9publique08\/2020 Ch\u00e2teauroux-Villers : stage de voltige avec les formule 1 des airs Cliquez ici A\u00c9ROCLUB AMBERT06\/2020 Stage de voltige a\u00e9rienne&hellip; Read more\" \/>\n<meta property=\"og:url\" content=\"http:\/\/www.varloteaux.org\/pva\/medias\/medias-presse\/\" \/>\n<meta property=\"og:site_name\" content=\"Pierre Varloteaux Aerobatics\" \/>\n<meta property=\"article:modified_time\" content=\"2022-01-29T12:18:50+00:00\" \/>\n<meta property=\"og:image\" content=\"http:\/\/www.varloteaux.org\/pva\/wp-content\/uploads\/2021\/10\/nouvelle-republique.jpg\" \/>\n<meta name=\"twitter:card\" content=\"summary_large_image\" \/>\n<meta name=\"twitter:label1\" content=\"Dur\u00e9e de lecture estim\u00e9e\" \/>\n\t<meta name=\"twitter:data1\" content=\"5 minutes\" \/>\n<script type=\"application\/ld+json\" class=\"yoast-schema-graph\">{\"@context\":\"https:\/\/schema.org\",\"@graph\":[{\"@type\":\"WebPage\",\"@id\":\"http:\/\/www.varloteaux.org\/pva\/medias\/medias-presse\/\",\"url\":\"http:\/\/www.varloteaux.org\/pva\/medias\/medias-presse\/\",\"name\":\"M\u00e9dias - Presse - Pierre Varloteaux Aerobatics\",\"isPartOf\":{\"@id\":\"http:\/\/www.varloteaux.org\/pva\/#website\"},\"primaryImageOfPage\":{\"@id\":\"http:\/\/www.varloteaux.org\/pva\/medias\/medias-presse\/#primaryimage\"},\"image\":{\"@id\":\"http:\/\/www.varloteaux.org\/pva\/medias\/medias-presse\/#primaryimage\"},\"thumbnailUrl\":\"http:\/\/www.varloteaux.org\/pva\/wp-content\/uploads\/2021\/10\/nouvelle-republique.jpg\",\"datePublished\":\"2020-05-17T09:04:56+00:00\",\"dateModified\":\"2022-01-29T12:18:50+00:00\",\"breadcrumb\":{\"@id\":\"http:\/\/www.varloteaux.org\/pva\/medias\/medias-presse\/#breadcrumb\"},\"inLanguage\":\"fr-FR\",\"potentialAction\":[{\"@type\":\"ReadAction\",\"target\":[\"http:\/\/www.varloteaux.org\/pva\/medias\/medias-presse\/\"]}]},{\"@type\":\"ImageObject\",\"inLanguage\":\"fr-FR\",\"@id\":\"http:\/\/www.varloteaux.org\/pva\/medias\/medias-presse\/#primaryimage\",\"url\":\"http:\/\/www.varloteaux.org\/pva\/wp-content\/uploads\/2021\/10\/nouvelle-republique.jpg\",\"contentUrl\":\"http:\/\/www.varloteaux.org\/pva\/wp-content\/uploads\/2021\/10\/nouvelle-republique.jpg\",\"width\":1024,\"height\":768},{\"@type\":\"BreadcrumbList\",\"@id\":\"http:\/\/www.varloteaux.org\/pva\/medias\/medias-presse\/#breadcrumb\",\"itemListElement\":[{\"@type\":\"ListItem\",\"position\":1,\"name\":\"Accueil\",\"item\":\"http:\/\/www.varloteaux.org\/pva\/\"},{\"@type\":\"ListItem\",\"position\":2,\"name\":\"M\u00e9dias\",\"item\":\"http:\/\/www.varloteaux.org\/pva\/medias\/\"},{\"@type\":\"ListItem\",\"position\":3,\"name\":\"M\u00e9dias &#8211; Presse\"}]},{\"@type\":\"WebSite\",\"@id\":\"http:\/\/www.varloteaux.org\/pva\/#website\",\"url\":\"http:\/\/www.varloteaux.org\/pva\/\",\"name\":\"Pierre Varloteaux Aerobatics\",\"description\":\"Enjoy the magic world of aeroatics\",\"publisher\":{\"@id\":\"http:\/\/www.varloteaux.org\/pva\/#\/schema\/person\/ff117542a10bad295dfa2b77f4707c1e\"},\"potentialAction\":[{\"@type\":\"SearchAction\",\"target\":{\"@type\":\"EntryPoint\",\"urlTemplate\":\"http:\/\/www.varloteaux.org\/pva\/?s={search_term_string}\"},\"query-input\":{\"@type\":\"PropertyValueSpecification\",\"valueRequired\":true,\"valueName\":\"search_term_string\"}}],\"inLanguage\":\"fr-FR\"},{\"@type\":[\"Person\",\"Organization\"],\"@id\":\"http:\/\/www.varloteaux.org\/pva\/#\/schema\/person\/ff117542a10bad295dfa2b77f4707c1e\",\"name\":\"pierre.varloteaux\",\"image\":{\"@type\":\"ImageObject\",\"inLanguage\":\"fr-FR\",\"@id\":\"http:\/\/www.varloteaux.org\/pva\/#\/schema\/person\/image\/\",\"url\":\"http:\/\/www.varloteaux.org\/pva\/wp-content\/uploads\/2022\/03\/pva-droite-black.png\",\"contentUrl\":\"http:\/\/www.varloteaux.org\/pva\/wp-content\/uploads\/2022\/03\/pva-droite-black.png\",\"width\":1688,\"height\":2000,\"caption\":\"pierre.varloteaux\"},\"logo\":{\"@id\":\"http:\/\/www.varloteaux.org\/pva\/#\/schema\/person\/image\/\"},\"sameAs\":[\"http:\/\/www.varloteaux.org\/pva\"]}]}<\/script>\n<!-- \/ Yoast SEO plugin. -->","yoast_head_json":{"title":"M\u00e9dias - Presse - Pierre Varloteaux Aerobatics","robots":{"index":"index","follow":"follow","max-snippet":"max-snippet:-1","max-image-preview":"max-image-preview:large","max-video-preview":"max-video-preview:-1"},"canonical":"http:\/\/www.varloteaux.org\/pva\/medias\/medias-presse\/","og_locale":"fr_FR","og_type":"article","og_title":"M\u00e9dias - Presse - Pierre Varloteaux Aerobatics","og_description":"Articles de presse \/ M\u00e9dias LA NOUVELLE R\u00c9PUBLIQUE06\/2021 La championne M\u00e9lanie Astles \u00e0 l\u2019a\u00e9ro-club Cliquez ici FRANCE 3 AUVERGNE07\/2020 Puy-de-D\u00f4me : des sportifs pr\u00e9parent le championnat de France de voltige a\u00e9rienne Cliquez ici La Nouvelle R\u00e9publique08\/2020 Ch\u00e2teauroux-Villers : stage de voltige avec les formule 1 des airs Cliquez ici A\u00c9ROCLUB AMBERT06\/2020 Stage de voltige a\u00e9rienne&hellip; Read more","og_url":"http:\/\/www.varloteaux.org\/pva\/medias\/medias-presse\/","og_site_name":"Pierre Varloteaux Aerobatics","article_modified_time":"2022-01-29T12:18:50+00:00","og_image":[{"url":"http:\/\/www.varloteaux.org\/pva\/wp-content\/uploads\/2021\/10\/nouvelle-republique.jpg","type":"","width":"","height":""}],"twitter_card":"summary_large_image","twitter_misc":{"Dur\u00e9e de lecture estim\u00e9e":"5 minutes"},"schema":{"@context":"https:\/\/schema.org","@graph":[{"@type":"WebPage","@id":"http:\/\/www.varloteaux.org\/pva\/medias\/medias-presse\/","url":"http:\/\/www.varloteaux.org\/pva\/medias\/medias-presse\/","name":"M\u00e9dias - Presse - Pierre Varloteaux Aerobatics","isPartOf":{"@id":"http:\/\/www.varloteaux.org\/pva\/#website"},"primaryImageOfPage":{"@id":"http:\/\/www.varloteaux.org\/pva\/medias\/medias-presse\/#primaryimage"},"image":{"@id":"http:\/\/www.varloteaux.org\/pva\/medias\/medias-presse\/#primaryimage"},"thumbnailUrl":"http:\/\/www.varloteaux.org\/pva\/wp-content\/uploads\/2021\/10\/nouvelle-republique.jpg","datePublished":"2020-05-17T09:04:56+00:00","dateModified":"2022-01-29T12:18:50+00:00","breadcrumb":{"@id":"http:\/\/www.varloteaux.org\/pva\/medias\/medias-presse\/#breadcrumb"},"inLanguage":"fr-FR","potentialAction":[{"@type":"ReadAction","target":["http:\/\/www.varloteaux.org\/pva\/medias\/medias-presse\/"]}]},{"@type":"ImageObject","inLanguage":"fr-FR","@id":"http:\/\/www.varloteaux.org\/pva\/medias\/medias-presse\/#primaryimage","url":"http:\/\/www.varloteaux.org\/pva\/wp-content\/uploads\/2021\/10\/nouvelle-republique.jpg","contentUrl":"http:\/\/www.varloteaux.org\/pva\/wp-content\/uploads\/2021\/10\/nouvelle-republique.jpg","width":1024,"height":768},{"@type":"BreadcrumbList","@id":"http:\/\/www.varloteaux.org\/pva\/medias\/medias-presse\/#breadcrumb","itemListElement":[{"@type":"ListItem","position":1,"name":"Accueil","item":"http:\/\/www.varloteaux.org\/pva\/"},{"@type":"ListItem","position":2,"name":"M\u00e9dias","item":"http:\/\/www.varloteaux.org\/pva\/medias\/"},{"@type":"ListItem","position":3,"name":"M\u00e9dias &#8211; Presse"}]},{"@type":"WebSite","@id":"http:\/\/www.varloteaux.org\/pva\/#website","url":"http:\/\/www.varloteaux.org\/pva\/","name":"Pierre Varloteaux Aerobatics","description":"Enjoy the magic world of aeroatics","publisher":{"@id":"http:\/\/www.varloteaux.org\/pva\/#\/schema\/person\/ff117542a10bad295dfa2b77f4707c1e"},"potentialAction":[{"@type":"SearchAction","target":{"@type":"EntryPoint","urlTemplate":"http:\/\/www.varloteaux.org\/pva\/?s={search_term_string}"},"query-input":{"@type":"PropertyValueSpecification","valueRequired":true,"valueName":"search_term_string"}}],"inLanguage":"fr-FR"},{"@type":["Person","Organization"],"@id":"http:\/\/www.varloteaux.org\/pva\/#\/schema\/person\/ff117542a10bad295dfa2b77f4707c1e","name":"pierre.varloteaux","image":{"@type":"ImageObject","inLanguage":"fr-FR","@id":"http:\/\/www.varloteaux.org\/pva\/#\/schema\/person\/image\/","url":"http:\/\/www.varloteaux.org\/pva\/wp-content\/uploads\/2022\/03\/pva-droite-black.png","contentUrl":"http:\/\/www.varloteaux.org\/pva\/wp-content\/uploads\/2022\/03\/pva-droite-black.png","width":1688,"height":2000,"caption":"pierre.varloteaux"},"logo":{"@id":"http:\/\/www.varloteaux.org\/pva\/#\/schema\/person\/image\/"},"sameAs":["http:\/\/www.varloteaux.org\/pva"]}]}},"_links":{"self":[{"href":"http:\/\/www.varloteaux.org\/pva\/wp-json\/wp\/v2\/pages\/1146","targetHints":{"allow":["GET"]}}],"collection":[{"href":"http:\/\/www.varloteaux.org\/pva\/wp-json\/wp\/v2\/pages"}],"about":[{"href":"http:\/\/www.varloteaux.org\/pva\/wp-json\/wp\/v2\/types\/page"}],"author":[{"embeddable":true,"href":"http:\/\/www.varloteaux.org\/pva\/wp-json\/wp\/v2\/users\/1"}],"replies":[{"embeddable":true,"href":"http:\/\/www.varloteaux.org\/pva\/wp-json\/wp\/v2\/comments?post=1146"}],"version-history":[{"count":0,"href":"http:\/\/www.varloteaux.org\/pva\/wp-json\/wp\/v2\/pages\/1146\/revisions"}],"up":[{"embeddable":true,"href":"http:\/\/www.varloteaux.org\/pva\/wp-json\/wp\/v2\/pages\/864"}],"wp:attachment":[{"href":"http:\/\/www.varloteaux.org\/pva\/wp-json\/wp\/v2\/media?parent=1146"}],"curies":[{"name":"wp","href":"https:\/\/api.w.org\/{rel}","templated":true}]}}