{"id":493,"date":"2019-11-28T16:27:34","date_gmt":"2019-11-28T15:27:34","guid":{"rendered":"http:\/\/www.varloteaux.org\/fva\/?page_id=493"},"modified":"2022-01-15T18:36:28","modified_gmt":"2022-01-15T17:36:28","slug":"avions-stages","status":"publish","type":"page","link":"http:\/\/www.varloteaux.org\/fva\/avions-stages\/","title":{"rendered":"Les avions en stages"},"content":{"rendered":"<div  data-label=\"Cta\" data-id=\"cta--2\" data-export-id=\"cta-blue-section\" data-category=\"cta\" class=\"cta-blue-section content-section content-section-spacing-medium bg-color1 white-text\" id=\"cta-2\" style=\"background-image: none; background-color: rgb(255, 255, 255);\"><div  class=\"gridContainer\"> <div  class=\"row middle-xs\"><div  class=\"col-sm-8 space-bottom-xs\" data-type=\"column\">  <\/div> <div  class=\"col-sm-4 end-sm\" data-type=\"column\"> <\/div> <\/div><\/div> <\/div><div  data-label=\"Cta\" data-id=\"cta--1\" data-export-id=\"cta-centered-bg-section\" data-category=\"cta\" data-section-ov=\"1\" class=\"cta-centered-bg-section content-section content-section-spacing-medium white-text\" data-parallax-depth=\"20\" id=\"cta-1\" style=\"background-size: cover; background-position: center top; background-image: url(&quot;http:\/\/www.varloteaux.org\/fva\/wp-content\/uploads\/2019\/11\/201908_WAC-Cha\u0302teauroux-179-1.jpg&quot;);\"><div  class=\"gridContainer\"> <div  class=\"row text-center\"><div  data-type=\"column\" class=\"\"> <h2  class=\"\"><span  style=\"font-weight: 300;\">STAGES \/ TRAINING CAMPS 2022<\/span><\/h2> <p  class=\"lead\"><span  style=\"color: rgb(238, 238, 238);\">R\u00e9partition des avions sur l\u2019ann\u00e9e 2022, avec les informations actuelles en notre possession. Sous r\u00e9serve de changement.<\/span><\/p><\/div> <\/div><\/div> <\/div><div  data-label=\"Features\" data-id=\"features--1\" data-export-id=\"features-13-card-bordered\" data-category=\"features\" class=\"features-13 content-section content-section-spacing\" id=\"features-1\" style=\"background-color: rgb(255, 255, 255);\"><div  class=\"gridContainer\"> <div  class=\"row text-center\"><div  class=\"section-title-col\" data-type=\"column\"> <h2  class=\"\">Extra 330 SC f-HLAS<\/h2> <p  class=\"lead\">Position globale du F-HLAS, sous r\u00e9serve de changement<\/p><\/div> <\/div> <div  class=\"row spaced-cols content-center-sm center-sm\" data-type=\"row\"> <div  class=\"col-sm-4 col-md-3 \"> <div  class=\"card bordered y-move\" data-type=\"column\"> <i  class=\"fa icon fa-calendar reverse round color21\"><\/i> <h4  class=\"\">Janvier &gt; AVRIL<\/h4> <p  class=\"\">Espagne \/ Spain\n<br >Requena ou\/or Soria<\/p> <\/div> <\/div>  <div  class=\"col-sm-4 col-md-3 \"> <div  class=\"card bordered y-move\" data-type=\"column\"> <i  class=\"fa icon fa-calendar reverse round color21\"><\/i> <h4  class=\"\">AVRIL &gt; JUILLET<\/h4> <p  class=\"\">France<\/p> <\/div> <\/div><div  class=\"col-sm-4 col-md-3 \"> <div  class=\"card bordered y-move\" data-type=\"column\"> <i  class=\"fa icon fa-calendar reverse round color21\"><\/i> <h4  class=\"\">JUILLET &gt; AOUT<\/h4> <p  class=\"\">Pologne \/ Poland<\/p> <\/div> <\/div><div  class=\"col-sm-4 col-md-3 \"> <div  class=\"card bordered y-move\" data-type=\"column\"> <i  class=\"fa icon fa-calendar reverse round color21\"><\/i> <h4  class=\"\">AOUT &gt; SEPTEMBRE<\/h4> <p  class=\"\">France, or <br >Roumanie \/ Romania<\/p> <\/div> <\/div><\/div> <\/div><\/div><div  data-label=\"Gallery\" data-id=\"gallery--1\" data-export-id=\"gallery-2\" data-category=\"gallery\" class=\"gallery-2 content-section content-section-spacing\" id=\"gallery-1\" style=\"background-color: rgb(253, 253, 253); background-image: none;\"><div  class=\"\"> <div  class=\"row\"><div  class=\"col-xs-12 full-no-padding\" data-editable=\"true\" data-content-shortcode=\"mesmerize_gallery id=&quot;mesmerize-gallery-2&quot; columns=&quot;4&quot; ids=&quot;184,173,166,187&quot; lb=&quot;1&quot; masonry=&quot;1&quot; size=&quot;full&quot; link=&quot;file&quot; \"><div id='mesmerize-gallery-2' class='gallery-wrapper'><style type=\"text\/css\">\n                    @media only screen and (min-width: 768px) {\n                    [data-unique-id='mesmerize-gallery-2-69f5ce856458b'] dl {\n                        float: left;\n                        width: 25% !important;\n                        max-width:  25% !important;\n                        min-width:  25% !important;\n                    }\n\n                    [data-unique-id='mesmerize-gallery-2-69f5ce856458b'] dl:nth-of-type(4n +1 ) {\n                      clear: both;\n                      }\n                    }\n                <\/style><div id='mesmerize-gallery-2' class='mesmerize-gallery-2-dls-wrapper gallery-items-wrapper materialis-gallery' data-unique-id='mesmerize-gallery-2-69f5ce856458b'><dl class='gallery-item'>\n\t\t\t<dt class='gallery-icon landscape'>\n\t\t\t\t<a data-fancybox=\"mesmerize-gallery-2-group\" href='http:\/\/www.varloteaux.org\/fva\/wp-content\/uploads\/2019\/11\/201909_Open-de-France-05-1.jpg'><img  width=\"1024\" height=\"683\" src=\"http:\/\/www.varloteaux.org\/fva\/wp-content\/uploads\/2019\/11\/201909_Open-de-France-05-1.jpg\"  class='mesmerize-gallery-2-image' alt=\"\" decoding=\"async\" loading=\"lazy\" srcset=\"http:\/\/www.varloteaux.org\/fva\/wp-content\/uploads\/2019\/11\/201909_Open-de-France-05-1.jpg 1024w, http:\/\/www.varloteaux.org\/fva\/wp-content\/uploads\/2019\/11\/201909_Open-de-France-05-1-300x200.jpg 300w, http:\/\/www.varloteaux.org\/fva\/wp-content\/uploads\/2019\/11\/201909_Open-de-France-05-1-768x512.jpg 768w\" sizes=\"(max-width: 1024px) 100vw, 1024px\" \/><\/a>\n\t\t\t<\/dt><\/dl><dl class='gallery-item'>\n\t\t\t<dt class='gallery-icon landscape'>\n\t\t\t\t<a data-fancybox=\"mesmerize-gallery-2-group\" href='http:\/\/www.varloteaux.org\/fva\/wp-content\/uploads\/2019\/11\/201908_WAC-Cha\u0302teauroux-011.jpg'><img  width=\"1024\" height=\"683\" src=\"http:\/\/www.varloteaux.org\/fva\/wp-content\/uploads\/2019\/11\/201908_WAC-Cha\u0302teauroux-011.jpg\"  class='mesmerize-gallery-2-image' alt=\"\" decoding=\"async\" loading=\"lazy\" srcset=\"http:\/\/www.varloteaux.org\/fva\/wp-content\/uploads\/2019\/11\/201908_WAC-Cha\u0302teauroux-011.jpg 1024w, http:\/\/www.varloteaux.org\/fva\/wp-content\/uploads\/2019\/11\/201908_WAC-Cha\u0302teauroux-011-300x200.jpg 300w, http:\/\/www.varloteaux.org\/fva\/wp-content\/uploads\/2019\/11\/201908_WAC-Cha\u0302teauroux-011-768x512.jpg 768w\" sizes=\"(max-width: 1024px) 100vw, 1024px\" \/><\/a>\n\t\t\t<\/dt><\/dl><dl class='gallery-item'>\n\t\t\t<dt class='gallery-icon landscape'>\n\t\t\t\t<a data-fancybox=\"mesmerize-gallery-2-group\" href='http:\/\/www.varloteaux.org\/fva\/wp-content\/uploads\/2019\/11\/201908_Photo-avions-FVA-113-1.jpg'><img  width=\"1024\" height=\"683\" src=\"http:\/\/www.varloteaux.org\/fva\/wp-content\/uploads\/2019\/11\/201908_Photo-avions-FVA-113-1.jpg\"  class='mesmerize-gallery-2-image' alt=\"\" decoding=\"async\" loading=\"lazy\" srcset=\"http:\/\/www.varloteaux.org\/fva\/wp-content\/uploads\/2019\/11\/201908_Photo-avions-FVA-113-1.jpg 1024w, http:\/\/www.varloteaux.org\/fva\/wp-content\/uploads\/2019\/11\/201908_Photo-avions-FVA-113-1-300x200.jpg 300w, http:\/\/www.varloteaux.org\/fva\/wp-content\/uploads\/2019\/11\/201908_Photo-avions-FVA-113-1-768x512.jpg 768w\" sizes=\"(max-width: 1024px) 100vw, 1024px\" \/><\/a>\n\t\t\t<\/dt><\/dl><dl class='gallery-item'>\n\t\t\t<dt class='gallery-icon landscape'>\n\t\t\t\t<a data-fancybox=\"mesmerize-gallery-2-group\" href='http:\/\/www.varloteaux.org\/fva\/wp-content\/uploads\/2019\/11\/201909_Open-de-France-37-1.jpg'><img  width=\"1024\" height=\"683\" src=\"http:\/\/www.varloteaux.org\/fva\/wp-content\/uploads\/2019\/11\/201909_Open-de-France-37-1.jpg\"  class='mesmerize-gallery-2-image' alt=\"\" decoding=\"async\" loading=\"lazy\" srcset=\"http:\/\/www.varloteaux.org\/fva\/wp-content\/uploads\/2019\/11\/201909_Open-de-France-37-1.jpg 1024w, http:\/\/www.varloteaux.org\/fva\/wp-content\/uploads\/2019\/11\/201909_Open-de-France-37-1-300x200.jpg 300w, http:\/\/www.varloteaux.org\/fva\/wp-content\/uploads\/2019\/11\/201909_Open-de-France-37-1-768x512.jpg 768w\" sizes=\"(max-width: 1024px) 100vw, 1024px\" \/><\/a>\n\t\t\t<\/dt><\/dl>\n\t\t<\/div>\n<script>(function($){window.MaterialisCaptionsGallery && window.MaterialisCaptionsGallery($('[data-unique-id=\"mesmerize-gallery-2-69f5ce856458b\"]'))})(jQuery)<\/script><\/div><\/div><\/div> <\/div><\/div><div  data-label=\"Features\" data-id=\"features--2\" data-export-id=\"features-13-card-bordered-colored\" data-category=\"features\" class=\"features-13 content-section content-section-spacing content-relative\" id=\"features-2\" style=\"background-color: rgb(255, 255, 255); background-image: none;\"><div  class=\"gridContainer\"> <div  class=\"row text-center\"><div  class=\"section-title-col\" data-type=\"column\"> <h2  class=\"\">EXTRA 330 SC F-HMTM<\/h2> <p  class=\"lead\">Position globale du F-HMTM, sous r\u00e9serve de changement<\/p><\/div> <\/div> <div  class=\"row spaced-cols center-sm content-center-sm\" data-type=\"row\"> <div  class=\"col xs-12 col-sm-3 col-md-3 \"> <div  class=\"card bottom-border-color17\" data-type=\"column\"> <i  class=\"fa icon fa-calendar bordered round color2\"><\/i> <h4  class=\"\">Janvier &gt; AVRIL<\/h4> <p  class=\"\">Espagne \/ Spain<br >\nRequena ou\/or Soria<\/p> <\/div> <\/div> <div  class=\"col xs-12 col-sm-3 col-md-3 \"> <div  class=\"card bottom-border-color17\" data-type=\"column\"> <i  class=\"fa icon fa-calendar bordered round color2\"><\/i> <h4  class=\"\">AVRIL &gt; AOUT<\/h4> <p  class=\"\">Hongrie \/ Hungaria\n<br >Pologne \/ Poland<\/p> <\/div> <\/div> <div  class=\"col xs-12 col-sm-3 col-md-3 \"> <div  class=\"card bottom-border-color17\" data-type=\"column\"> <i  class=\"fa icon fa-calendar bordered round color2\"><\/i> <h4  class=\"\">AOUT &gt; SEPTEMBRE<\/h4> <p  class=\"\">Roumanie \/ Romania<\/p> <\/div> <\/div> <div  class=\"col xs-12 col-sm-3 col-md-3 \"> <div  class=\"card bottom-border-color17\" data-type=\"column\"> <i  class=\"fa icon fa-calendar bordered round color2\"><\/i> <h4  class=\"\">Fin 2022<\/h4> <p  class=\"\">Espagne \/ Spain<\/p> <\/div> <\/div><\/div> <\/div><\/div><div  data-label=\"Gallery\" data-id=\"gallery--2\" data-export-id=\"gallery-1\" data-category=\"gallery\" class=\"gallery-1 content-section content-section-spacing\" id=\"gallery-2\" style=\"background-color: rgb(238, 238, 238); background-image: none;\"><div  class=\"gridContainer\">  <div  class=\"row text-center\"> <div  class=\"col-xs-12\" data-editable=\"true\" data-content-shortcode=\"mesmerize_gallery id=&quot;mesmerize-gallery-1&quot; columns=&quot;5&quot; ids=&quot;116,117,99,93,80,78,77,87,84,462&quot; lb=&quot;1&quot; masonry=&quot;1&quot; size=&quot;full&quot; link=&quot;file&quot; \"><div id='mesmerize-gallery-1' class='gallery-wrapper'><style type=\"text\/css\">\n                    @media only screen and (min-width: 768px) {\n                    [data-unique-id='mesmerize-gallery-1-69f5ce8564e24'] dl {\n                        float: left;\n                        width: 20% !important;\n                        max-width:  20% !important;\n                        min-width:  20% !important;\n                    }\n\n                    [data-unique-id='mesmerize-gallery-1-69f5ce8564e24'] dl:nth-of-type(5n +1 ) {\n                      clear: both;\n                      }\n                    }\n                <\/style><div id='mesmerize-gallery-1' class='mesmerize-gallery-1-dls-wrapper gallery-items-wrapper materialis-gallery' data-unique-id='mesmerize-gallery-1-69f5ce8564e24'><dl class='gallery-item'>\n\t\t\t<dt class='gallery-icon landscape'>\n\t\t\t\t<a data-fancybox=\"mesmerize-gallery-1-group\" href='http:\/\/www.varloteaux.org\/fva\/wp-content\/uploads\/2019\/11\/201908_Stage-Montceau-31.jpg'><img  width=\"1280\" height=\"720\" src=\"http:\/\/www.varloteaux.org\/fva\/wp-content\/uploads\/2019\/11\/201908_Stage-Montceau-31.jpg\"  class='mesmerize-gallery-1-image' alt=\"\" decoding=\"async\" loading=\"lazy\" srcset=\"http:\/\/www.varloteaux.org\/fva\/wp-content\/uploads\/2019\/11\/201908_Stage-Montceau-31.jpg 1280w, http:\/\/www.varloteaux.org\/fva\/wp-content\/uploads\/2019\/11\/201908_Stage-Montceau-31-300x169.jpg 300w, http:\/\/www.varloteaux.org\/fva\/wp-content\/uploads\/2019\/11\/201908_Stage-Montceau-31-1024x576.jpg 1024w, http:\/\/www.varloteaux.org\/fva\/wp-content\/uploads\/2019\/11\/201908_Stage-Montceau-31-768x432.jpg 768w\" sizes=\"(max-width: 1280px) 100vw, 1280px\" \/><\/a>\n\t\t\t<\/dt><\/dl><dl class='gallery-item'>\n\t\t\t<dt class='gallery-icon landscape'>\n\t\t\t\t<a data-fancybox=\"mesmerize-gallery-1-group\" href='http:\/\/www.varloteaux.org\/fva\/wp-content\/uploads\/2019\/11\/201908_Stage-Montceau-32.jpg'><img  width=\"1280\" height=\"720\" src=\"http:\/\/www.varloteaux.org\/fva\/wp-content\/uploads\/2019\/11\/201908_Stage-Montceau-32.jpg\"  class='mesmerize-gallery-1-image' alt=\"\" decoding=\"async\" loading=\"lazy\" srcset=\"http:\/\/www.varloteaux.org\/fva\/wp-content\/uploads\/2019\/11\/201908_Stage-Montceau-32.jpg 1280w, http:\/\/www.varloteaux.org\/fva\/wp-content\/uploads\/2019\/11\/201908_Stage-Montceau-32-300x169.jpg 300w, http:\/\/www.varloteaux.org\/fva\/wp-content\/uploads\/2019\/11\/201908_Stage-Montceau-32-1024x576.jpg 1024w, http:\/\/www.varloteaux.org\/fva\/wp-content\/uploads\/2019\/11\/201908_Stage-Montceau-32-768x432.jpg 768w\" sizes=\"(max-width: 1280px) 100vw, 1280px\" \/><\/a>\n\t\t\t<\/dt><\/dl><dl class='gallery-item'>\n\t\t\t<dt class='gallery-icon landscape'>\n\t\t\t\t<a data-fancybox=\"mesmerize-gallery-1-group\" href='http:\/\/www.varloteaux.org\/fva\/wp-content\/uploads\/2019\/11\/201909_Open-de-France-37.jpg'><img  width=\"1280\" height=\"720\" src=\"http:\/\/www.varloteaux.org\/fva\/wp-content\/uploads\/2019\/11\/201909_Open-de-France-37.jpg\"  class='mesmerize-gallery-1-image' alt=\"\" decoding=\"async\" loading=\"lazy\" srcset=\"http:\/\/www.varloteaux.org\/fva\/wp-content\/uploads\/2019\/11\/201909_Open-de-France-37.jpg 1280w, http:\/\/www.varloteaux.org\/fva\/wp-content\/uploads\/2019\/11\/201909_Open-de-France-37-300x169.jpg 300w, http:\/\/www.varloteaux.org\/fva\/wp-content\/uploads\/2019\/11\/201909_Open-de-France-37-1024x576.jpg 1024w, http:\/\/www.varloteaux.org\/fva\/wp-content\/uploads\/2019\/11\/201909_Open-de-France-37-768x432.jpg 768w\" sizes=\"(max-width: 1280px) 100vw, 1280px\" \/><\/a>\n\t\t\t<\/dt><\/dl><dl class='gallery-item'>\n\t\t\t<dt class='gallery-icon landscape'>\n\t\t\t\t<a data-fancybox=\"mesmerize-gallery-1-group\" href='http:\/\/www.varloteaux.org\/fva\/wp-content\/uploads\/2019\/11\/201908_WAC-Cha\u0302teauroux-116.jpg'><img  width=\"1280\" height=\"720\" src=\"http:\/\/www.varloteaux.org\/fva\/wp-content\/uploads\/2019\/11\/201908_WAC-Cha\u0302teauroux-116.jpg\"  class='mesmerize-gallery-1-image' alt=\"\" decoding=\"async\" loading=\"lazy\" srcset=\"http:\/\/www.varloteaux.org\/fva\/wp-content\/uploads\/2019\/11\/201908_WAC-Cha\u0302teauroux-116.jpg 1280w, http:\/\/www.varloteaux.org\/fva\/wp-content\/uploads\/2019\/11\/201908_WAC-Cha\u0302teauroux-116-300x169.jpg 300w, http:\/\/www.varloteaux.org\/fva\/wp-content\/uploads\/2019\/11\/201908_WAC-Cha\u0302teauroux-116-1024x576.jpg 1024w, http:\/\/www.varloteaux.org\/fva\/wp-content\/uploads\/2019\/11\/201908_WAC-Cha\u0302teauroux-116-768x432.jpg 768w\" sizes=\"(max-width: 1280px) 100vw, 1280px\" \/><\/a>\n\t\t\t<\/dt><\/dl><dl class='gallery-item'>\n\t\t\t<dt class='gallery-icon landscape'>\n\t\t\t\t<a data-fancybox=\"mesmerize-gallery-1-group\" href='http:\/\/www.varloteaux.org\/fva\/wp-content\/uploads\/2019\/11\/201908_Photo-avions-FVA-029.jpg'><img  width=\"1280\" height=\"720\" src=\"http:\/\/www.varloteaux.org\/fva\/wp-content\/uploads\/2019\/11\/201908_Photo-avions-FVA-029.jpg\"  class='mesmerize-gallery-1-image' alt=\"\" decoding=\"async\" loading=\"lazy\" srcset=\"http:\/\/www.varloteaux.org\/fva\/wp-content\/uploads\/2019\/11\/201908_Photo-avions-FVA-029.jpg 1280w, http:\/\/www.varloteaux.org\/fva\/wp-content\/uploads\/2019\/11\/201908_Photo-avions-FVA-029-300x169.jpg 300w, http:\/\/www.varloteaux.org\/fva\/wp-content\/uploads\/2019\/11\/201908_Photo-avions-FVA-029-1024x576.jpg 1024w, http:\/\/www.varloteaux.org\/fva\/wp-content\/uploads\/2019\/11\/201908_Photo-avions-FVA-029-768x432.jpg 768w\" sizes=\"(max-width: 1280px) 100vw, 1280px\" \/><\/a>\n\t\t\t<\/dt><\/dl><dl class='gallery-item'>\n\t\t\t<dt class='gallery-icon landscape'>\n\t\t\t\t<a data-fancybox=\"mesmerize-gallery-1-group\" href='http:\/\/www.varloteaux.org\/fva\/wp-content\/uploads\/2019\/11\/201908_Photo-avions-FVA-020.jpg'><img  width=\"1280\" height=\"720\" src=\"http:\/\/www.varloteaux.org\/fva\/wp-content\/uploads\/2019\/11\/201908_Photo-avions-FVA-020.jpg\"  class='mesmerize-gallery-1-image' alt=\"\" decoding=\"async\" loading=\"lazy\" srcset=\"http:\/\/www.varloteaux.org\/fva\/wp-content\/uploads\/2019\/11\/201908_Photo-avions-FVA-020.jpg 1280w, http:\/\/www.varloteaux.org\/fva\/wp-content\/uploads\/2019\/11\/201908_Photo-avions-FVA-020-300x169.jpg 300w, http:\/\/www.varloteaux.org\/fva\/wp-content\/uploads\/2019\/11\/201908_Photo-avions-FVA-020-1024x576.jpg 1024w, http:\/\/www.varloteaux.org\/fva\/wp-content\/uploads\/2019\/11\/201908_Photo-avions-FVA-020-768x432.jpg 768w\" sizes=\"(max-width: 1280px) 100vw, 1280px\" \/><\/a>\n\t\t\t<\/dt><\/dl><dl class='gallery-item'>\n\t\t\t<dt class='gallery-icon landscape'>\n\t\t\t\t<a data-fancybox=\"mesmerize-gallery-1-group\" href='http:\/\/www.varloteaux.org\/fva\/wp-content\/uploads\/2019\/11\/201908_Photo-avions-FVA-008.jpg'><img  width=\"1280\" height=\"720\" src=\"http:\/\/www.varloteaux.org\/fva\/wp-content\/uploads\/2019\/11\/201908_Photo-avions-FVA-008.jpg\"  class='mesmerize-gallery-1-image' alt=\"\" decoding=\"async\" loading=\"lazy\" srcset=\"http:\/\/www.varloteaux.org\/fva\/wp-content\/uploads\/2019\/11\/201908_Photo-avions-FVA-008.jpg 1280w, http:\/\/www.varloteaux.org\/fva\/wp-content\/uploads\/2019\/11\/201908_Photo-avions-FVA-008-300x169.jpg 300w, http:\/\/www.varloteaux.org\/fva\/wp-content\/uploads\/2019\/11\/201908_Photo-avions-FVA-008-1024x576.jpg 1024w, http:\/\/www.varloteaux.org\/fva\/wp-content\/uploads\/2019\/11\/201908_Photo-avions-FVA-008-768x432.jpg 768w\" sizes=\"(max-width: 1280px) 100vw, 1280px\" \/><\/a>\n\t\t\t<\/dt><\/dl><dl class='gallery-item'>\n\t\t\t<dt class='gallery-icon landscape'>\n\t\t\t\t<a data-fancybox=\"mesmerize-gallery-1-group\" href='http:\/\/www.varloteaux.org\/fva\/wp-content\/uploads\/2019\/11\/201908_Photo-avions-FVA-155.jpg'><img  width=\"1280\" height=\"720\" src=\"http:\/\/www.varloteaux.org\/fva\/wp-content\/uploads\/2019\/11\/201908_Photo-avions-FVA-155.jpg\"  class='mesmerize-gallery-1-image' alt=\"\" decoding=\"async\" loading=\"lazy\" srcset=\"http:\/\/www.varloteaux.org\/fva\/wp-content\/uploads\/2019\/11\/201908_Photo-avions-FVA-155.jpg 1280w, http:\/\/www.varloteaux.org\/fva\/wp-content\/uploads\/2019\/11\/201908_Photo-avions-FVA-155-300x169.jpg 300w, http:\/\/www.varloteaux.org\/fva\/wp-content\/uploads\/2019\/11\/201908_Photo-avions-FVA-155-1024x576.jpg 1024w, http:\/\/www.varloteaux.org\/fva\/wp-content\/uploads\/2019\/11\/201908_Photo-avions-FVA-155-768x432.jpg 768w\" sizes=\"(max-width: 1280px) 100vw, 1280px\" \/><\/a>\n\t\t\t<\/dt><\/dl><dl class='gallery-item'>\n\t\t\t<dt class='gallery-icon landscape'>\n\t\t\t\t<a data-fancybox=\"mesmerize-gallery-1-group\" href='http:\/\/www.varloteaux.org\/fva\/wp-content\/uploads\/2019\/11\/201908_Photo-avions-FVA-118.jpg'><img  width=\"1280\" height=\"720\" src=\"http:\/\/www.varloteaux.org\/fva\/wp-content\/uploads\/2019\/11\/201908_Photo-avions-FVA-118.jpg\"  class='mesmerize-gallery-1-image' alt=\"\" decoding=\"async\" loading=\"lazy\" srcset=\"http:\/\/www.varloteaux.org\/fva\/wp-content\/uploads\/2019\/11\/201908_Photo-avions-FVA-118.jpg 1280w, http:\/\/www.varloteaux.org\/fva\/wp-content\/uploads\/2019\/11\/201908_Photo-avions-FVA-118-300x169.jpg 300w, http:\/\/www.varloteaux.org\/fva\/wp-content\/uploads\/2019\/11\/201908_Photo-avions-FVA-118-1024x576.jpg 1024w, http:\/\/www.varloteaux.org\/fva\/wp-content\/uploads\/2019\/11\/201908_Photo-avions-FVA-118-768x432.jpg 768w\" sizes=\"(max-width: 1280px) 100vw, 1280px\" \/><\/a>\n\t\t\t<\/dt><\/dl><dl class='gallery-item'>\n\t\t\t<dt class='gallery-icon landscape'>\n\t\t\t\t<a data-fancybox=\"mesmerize-gallery-1-group\" href='http:\/\/www.varloteaux.org\/fva\/wp-content\/uploads\/2019\/11\/201907_CF1-Amberieu-16.jpg'><img  width=\"1280\" height=\"720\" src=\"http:\/\/www.varloteaux.org\/fva\/wp-content\/uploads\/2019\/11\/201907_CF1-Amberieu-16.jpg\"  class='mesmerize-gallery-1-image' alt=\"\" decoding=\"async\" loading=\"lazy\" srcset=\"http:\/\/www.varloteaux.org\/fva\/wp-content\/uploads\/2019\/11\/201907_CF1-Amberieu-16.jpg 1280w, http:\/\/www.varloteaux.org\/fva\/wp-content\/uploads\/2019\/11\/201907_CF1-Amberieu-16-300x169.jpg 300w, http:\/\/www.varloteaux.org\/fva\/wp-content\/uploads\/2019\/11\/201907_CF1-Amberieu-16-1024x576.jpg 1024w, http:\/\/www.varloteaux.org\/fva\/wp-content\/uploads\/2019\/11\/201907_CF1-Amberieu-16-768x432.jpg 768w\" sizes=\"(max-width: 1280px) 100vw, 1280px\" \/><\/a>\n\t\t\t<\/dt><\/dl>\n\t\t<\/div>\n<script>(function($){window.MaterialisCaptionsGallery && window.MaterialisCaptionsGallery($('[data-unique-id=\"mesmerize-gallery-1-69f5ce8564e24\"]'))})(jQuery)<\/script><\/div><\/div><\/div> <\/div><\/div>","protected":false},"excerpt":{"rendered":"<p>STAGES \/ TRAINING CAMPS 2022 R\u00e9partition des avions sur l\u2019ann\u00e9e 2022, avec les informations actuelles en notre possession. Sous r\u00e9serve de changement. Extra 330 SC f-HLAS Position globale du F-HLAS, sous r\u00e9serve de changement Janvier &gt; AVRIL Espagne \/ Spain Requena ou\/or Soria AVRIL &gt; JUILLET France JUILLET &gt; AOUT Pologne \/ Poland AOUT &gt;&hellip; <br \/> <a class=\"read-more\" href=\"http:\/\/www.varloteaux.org\/fva\/avions-stages\/\">Lire la suite<\/a><\/p>\n","protected":false},"author":1,"featured_media":0,"parent":0,"menu_order":0,"comment_status":"closed","ping_status":"closed","template":"pro\/page-templates\/full-width-page.php","meta":[],"yoast_head":"<!-- This site is optimized with the Yoast SEO plugin v20.7 - https:\/\/yoast.com\/wordpress\/plugins\/seo\/ -->\n<title>Les avions en stages - FHAL VARLOTEAUX AIRCRAFT<\/title>\n<meta name=\"robots\" content=\"index, follow, max-snippet:-1, max-image-preview:large, max-video-preview:-1\" \/>\n<link rel=\"canonical\" href=\"http:\/\/www.varloteaux.org\/fva\/avions-stages\/\" \/>\n<meta property=\"og:locale\" content=\"fr_FR\" \/>\n<meta property=\"og:type\" content=\"article\" \/>\n<meta property=\"og:title\" content=\"Les avions en stages - FHAL VARLOTEAUX AIRCRAFT\" \/>\n<meta property=\"og:description\" content=\"STAGES \/ TRAINING CAMPS 2022 R\u00e9partition des avions sur l\u2019ann\u00e9e 2022, avec les informations actuelles en notre possession. Sous r\u00e9serve de changement. Extra 330 SC f-HLAS Position globale du F-HLAS, sous r\u00e9serve de changement Janvier &gt; AVRIL Espagne \/ Spain Requena ou\/or Soria AVRIL &gt; JUILLET France JUILLET &gt; AOUT Pologne \/ Poland AOUT &gt;&hellip; Lire la suite\" \/>\n<meta property=\"og:url\" content=\"http:\/\/www.varloteaux.org\/fva\/avions-stages\/\" \/>\n<meta property=\"og:site_name\" content=\"FHAL VARLOTEAUX AIRCRAFT\" \/>\n<meta property=\"article:modified_time\" content=\"2022-01-15T17:36:28+00:00\" \/>\n<meta name=\"twitter:card\" content=\"summary_large_image\" \/>\n<meta name=\"twitter:label1\" content=\"Dur\u00e9e de lecture estim\u00e9e\" \/>\n\t<meta name=\"twitter:data1\" content=\"1 minute\" \/>\n<script type=\"application\/ld+json\" class=\"yoast-schema-graph\">{\"@context\":\"https:\/\/schema.org\",\"@graph\":[{\"@type\":\"WebPage\",\"@id\":\"http:\/\/www.varloteaux.org\/fva\/avions-stages\/\",\"url\":\"http:\/\/www.varloteaux.org\/fva\/avions-stages\/\",\"name\":\"Les avions en stages - FHAL VARLOTEAUX AIRCRAFT\",\"isPartOf\":{\"@id\":\"http:\/\/www.varloteaux.org\/fva\/#website\"},\"datePublished\":\"2019-11-28T15:27:34+00:00\",\"dateModified\":\"2022-01-15T17:36:28+00:00\",\"breadcrumb\":{\"@id\":\"http:\/\/www.varloteaux.org\/fva\/avions-stages\/#breadcrumb\"},\"inLanguage\":\"fr-FR\",\"potentialAction\":[{\"@type\":\"ReadAction\",\"target\":[\"http:\/\/www.varloteaux.org\/fva\/avions-stages\/\"]}]},{\"@type\":\"BreadcrumbList\",\"@id\":\"http:\/\/www.varloteaux.org\/fva\/avions-stages\/#breadcrumb\",\"itemListElement\":[{\"@type\":\"ListItem\",\"position\":1,\"name\":\"Home\",\"item\":\"http:\/\/www.varloteaux.org\/fva\/\"},{\"@type\":\"ListItem\",\"position\":2,\"name\":\"Les avions en stages\"}]},{\"@type\":\"WebSite\",\"@id\":\"http:\/\/www.varloteaux.org\/fva\/#website\",\"url\":\"http:\/\/www.varloteaux.org\/fva\/\",\"name\":\"FHAL VARLOTEAUX AIRCRAFT\",\"description\":\"SOLUTIONS FOR AEROBATICS\",\"potentialAction\":[{\"@type\":\"SearchAction\",\"target\":{\"@type\":\"EntryPoint\",\"urlTemplate\":\"http:\/\/www.varloteaux.org\/fva\/?s={search_term_string}\"},\"query-input\":\"required name=search_term_string\"}],\"inLanguage\":\"fr-FR\"}]}<\/script>\n<!-- \/ Yoast SEO plugin. -->","yoast_head_json":{"title":"Les avions en stages - FHAL VARLOTEAUX AIRCRAFT","robots":{"index":"index","follow":"follow","max-snippet":"max-snippet:-1","max-image-preview":"max-image-preview:large","max-video-preview":"max-video-preview:-1"},"canonical":"http:\/\/www.varloteaux.org\/fva\/avions-stages\/","og_locale":"fr_FR","og_type":"article","og_title":"Les avions en stages - FHAL VARLOTEAUX AIRCRAFT","og_description":"STAGES \/ TRAINING CAMPS 2022 R\u00e9partition des avions sur l\u2019ann\u00e9e 2022, avec les informations actuelles en notre possession. Sous r\u00e9serve de changement. Extra 330 SC f-HLAS Position globale du F-HLAS, sous r\u00e9serve de changement Janvier &gt; AVRIL Espagne \/ Spain Requena ou\/or Soria AVRIL &gt; JUILLET France JUILLET &gt; AOUT Pologne \/ Poland AOUT &gt;&hellip; Lire la suite","og_url":"http:\/\/www.varloteaux.org\/fva\/avions-stages\/","og_site_name":"FHAL VARLOTEAUX AIRCRAFT","article_modified_time":"2022-01-15T17:36:28+00:00","twitter_card":"summary_large_image","twitter_misc":{"Dur\u00e9e de lecture estim\u00e9e":"1 minute"},"schema":{"@context":"https:\/\/schema.org","@graph":[{"@type":"WebPage","@id":"http:\/\/www.varloteaux.org\/fva\/avions-stages\/","url":"http:\/\/www.varloteaux.org\/fva\/avions-stages\/","name":"Les avions en stages - FHAL VARLOTEAUX AIRCRAFT","isPartOf":{"@id":"http:\/\/www.varloteaux.org\/fva\/#website"},"datePublished":"2019-11-28T15:27:34+00:00","dateModified":"2022-01-15T17:36:28+00:00","breadcrumb":{"@id":"http:\/\/www.varloteaux.org\/fva\/avions-stages\/#breadcrumb"},"inLanguage":"fr-FR","potentialAction":[{"@type":"ReadAction","target":["http:\/\/www.varloteaux.org\/fva\/avions-stages\/"]}]},{"@type":"BreadcrumbList","@id":"http:\/\/www.varloteaux.org\/fva\/avions-stages\/#breadcrumb","itemListElement":[{"@type":"ListItem","position":1,"name":"Home","item":"http:\/\/www.varloteaux.org\/fva\/"},{"@type":"ListItem","position":2,"name":"Les avions en stages"}]},{"@type":"WebSite","@id":"http:\/\/www.varloteaux.org\/fva\/#website","url":"http:\/\/www.varloteaux.org\/fva\/","name":"FHAL VARLOTEAUX AIRCRAFT","description":"SOLUTIONS FOR AEROBATICS","potentialAction":[{"@type":"SearchAction","target":{"@type":"EntryPoint","urlTemplate":"http:\/\/www.varloteaux.org\/fva\/?s={search_term_string}"},"query-input":"required name=search_term_string"}],"inLanguage":"fr-FR"}]}},"_links":{"self":[{"href":"http:\/\/www.varloteaux.org\/fva\/wp-json\/wp\/v2\/pages\/493"}],"collection":[{"href":"http:\/\/www.varloteaux.org\/fva\/wp-json\/wp\/v2\/pages"}],"about":[{"href":"http:\/\/www.varloteaux.org\/fva\/wp-json\/wp\/v2\/types\/page"}],"author":[{"embeddable":true,"href":"http:\/\/www.varloteaux.org\/fva\/wp-json\/wp\/v2\/users\/1"}],"replies":[{"embeddable":true,"href":"http:\/\/www.varloteaux.org\/fva\/wp-json\/wp\/v2\/comments?post=493"}],"version-history":[{"count":23,"href":"http:\/\/www.varloteaux.org\/fva\/wp-json\/wp\/v2\/pages\/493\/revisions"}],"predecessor-version":[{"id":869,"href":"http:\/\/www.varloteaux.org\/fva\/wp-json\/wp\/v2\/pages\/493\/revisions\/869"}],"wp:attachment":[{"href":"http:\/\/www.varloteaux.org\/fva\/wp-json\/wp\/v2\/media?parent=493"}],"curies":[{"name":"wp","href":"https:\/\/api.w.org\/{rel}","templated":true}]}}