{"id":490,"date":"2019-11-28T16:16:15","date_gmt":"2019-11-28T15:16:15","guid":{"rendered":"http:\/\/www.varloteaux.org\/fva\/?page_id=490"},"modified":"2022-01-15T18:46:09","modified_gmt":"2022-01-15T17:46:09","slug":"disponibilites-competitions","status":"publish","type":"page","link":"http:\/\/www.varloteaux.org\/fva\/disponibilites-competitions\/","title":{"rendered":"Disponibilit\u00e9s des avions en comp\u00e9tition"},"content":{"rendered":"<div  data-label=\"About\" data-id=\"about--2\" data-export-id=\"about-4\" data-category=\"about\" class=\"about-4 content-section content-section-spacing\" id=\"about-2\" style=\"background-color: rgb(245, 250, 253);\"><div  class=\"gridContainer\"> <div  class=\"row middle-sm text-center\"><div  class=\"col-sm-5 space-bottom-xs\" data-type=\"column\">   <p  class=\"\">Les avions de la soci\u00e9t\u00e9 FVA seront disponibles \u00e0 la location pour les comp\u00e9titions suivantes. Ne tardez pas \u00e0 vous positionner, pour nous permettre de mieux vous satisfaire.<\/p> <a class=\"button force-shadow color21 outline\" href=\"http:\/\/www.varloteaux.org\/fva\/renseignements\" target=\"_self\" data-cp-link=\"1\" data-icon=\"fa-envelope-o\" rel=\"noopener noreferrer\" marked=\"1\"><span  class=\"button-icon fa fa-envelope-o\"><\/span>CONTACTEZ-NOUS<\/a><p  class=\"\" style=\"text-align: center;\"><span  style=\"font-weight: 600;\">La priorit\u00e9 sera donn\u00e9e en comp\u00e9tition aux:<\/span><br >\n1 \u2013 Pilotes louant r\u00e9guli\u00e8rement l\u2019avion et entrain\u00e9s par:\n<br ><span  style=\"font-weight: 600;\">Romain Fhal&nbsp;<span  style=\"font-weight: 300; font-style: italic;\">ou&nbsp;<\/span><\/span><span  style=\"font-weight: 600;\">Pierre Varloteaux<\/span><br >\n2 \u2013 Equipes louant r\u00e9guli\u00e8rement l\u2019avion<br >\n3 \u2013 Pilotes louant r\u00e9guli\u00e8rement l\u2019avion<br >\n4 \u2013 Pilotes louant occasionnellement l\u2019avion<br >\n5 \u2013 Autres (notamment pour \u201cd\u00e9panner\u201d en comp\u00e9tition)<\/p><h5  class=\"\">COMpetitions 2022<span  id=\"_mce_caret\" data-mce-bogus=\"1\" data-mce-type=\"format-caret\"><span  style=\"color: rgb(31, 74, 166);\">\ufeff<\/span><\/span><\/h5><p  class=\"lead\"><span  style=\"font-weight: 400;\">WIAC (POLAND) \u2013 JUNE\n<\/span><br ><span  style=\"font-weight: 400;\">FRENCH NATIONAL \u2013 JUNE\n<\/span><br ><span  style=\"font-weight: 400;\">WAC (POLAND) \u2013 AUGUST\n<\/span><br ><span  style=\"font-weight: 400;\">FRENCH OPEN (IF APPLICABLE)\n<\/span><br ><span  style=\"font-weight: 400;\">EAAC (ROMANIA) \u2013 SEPTEMBER<\/span><\/p><\/div> <div  class=\"col-sm-7 flexbox center-xs middle-xs image-group-2-img\"> <img decoding=\"async\"  class=\"img-1 shadow-large\" data-size=\"250x200\" src=\"http:\/\/www.varloteaux.org\/fva\/wp-content\/uploads\/2019\/11\/201908_WAC-Cha\u0302teauroux-179-1.jpg\" alt=\"\" title=\"201908_WAC Cha\u0302teauroux - 179\"> <img decoding=\"async\"  class=\"img-2 shadow-large\" data-size=\"220x170\" src=\"http:\/\/www.varloteaux.org\/fva\/wp-content\/uploads\/2019\/11\/201908_WAC-Cha\u0302teauroux-002.jpg\" alt=\"\" title=\"201908_WAC Cha\u0302teauroux - 002\"><\/div> <\/div><\/div> <\/div><div data-label=\"Cta\" data-id=\"cta--1\" data-export-id=\"cta-centered-bg-section\" data-category=\"cta\" data-section-ov=\"1\" class=\"cta-centered-bg-section content-section content-section-spacing-medium white-text\" data-parallax-depth=\"20\" id=\"cta-1\"  style=\"background-color: rgb(255, 255, 255);\"><div class=\"gridContainer\" > <div class=\"row text-center\" ><div data-type=\"column\" class=\"\" > <h2 class=\"\" >POUR TOUTE AUTRE DEMANDE:<\/h2> <a class=\"button color2 white-text outline\" href=\"http:\/\/www.varloteaux.org\/fva\/renseignements\" target=\"_self\" data-cp-link=\"1\" data-icon=\"fa-arrow-circle-o-right\" rel=\"noopener\">CONTACTEZ-NOUS !<\/a><\/div> <\/div><\/div> <\/div>","protected":false},"excerpt":{"rendered":"<p>Les avions de la soci\u00e9t\u00e9 FVA seront disponibles \u00e0 la location pour les comp\u00e9titions suivantes. Ne tardez pas \u00e0 vous positionner, pour nous permettre de mieux vous satisfaire. CONTACTEZ-NOUSLa priorit\u00e9 sera donn\u00e9e en comp\u00e9tition aux: 1 \u2013 Pilotes louant r\u00e9guli\u00e8rement l\u2019avion et entrain\u00e9s par: Romain Fhal&nbsp;ou&nbsp;Pierre Varloteaux 2 \u2013 Equipes louant r\u00e9guli\u00e8rement l\u2019avion 3 \u2013&hellip; <br \/> <a class=\"read-more\" href=\"http:\/\/www.varloteaux.org\/fva\/disponibilites-competitions\/\">Lire la suite<\/a><\/p>\n","protected":false},"author":1,"featured_media":0,"parent":0,"menu_order":0,"comment_status":"closed","ping_status":"closed","template":"pro\/page-templates\/full-width-page.php","meta":[],"yoast_head":"<!-- This site is optimized with the Yoast SEO plugin v20.7 - https:\/\/yoast.com\/wordpress\/plugins\/seo\/ -->\n<title>Disponibilit\u00e9s des avions en comp\u00e9tition - FHAL VARLOTEAUX AIRCRAFT<\/title>\n<meta name=\"robots\" content=\"index, follow, max-snippet:-1, max-image-preview:large, max-video-preview:-1\" \/>\n<link rel=\"canonical\" href=\"http:\/\/www.varloteaux.org\/fva\/disponibilites-competitions\/\" \/>\n<meta property=\"og:locale\" content=\"fr_FR\" \/>\n<meta property=\"og:type\" content=\"article\" \/>\n<meta property=\"og:title\" content=\"Disponibilit\u00e9s des avions en comp\u00e9tition - FHAL VARLOTEAUX AIRCRAFT\" \/>\n<meta property=\"og:description\" content=\"Les avions de la soci\u00e9t\u00e9 FVA seront disponibles \u00e0 la location pour les comp\u00e9titions suivantes. Ne tardez pas \u00e0 vous positionner, pour nous permettre de mieux vous satisfaire. CONTACTEZ-NOUSLa priorit\u00e9 sera donn\u00e9e en comp\u00e9tition aux: 1 \u2013 Pilotes louant r\u00e9guli\u00e8rement l\u2019avion et entrain\u00e9s par: Romain Fhal&nbsp;ou&nbsp;Pierre Varloteaux 2 \u2013 Equipes louant r\u00e9guli\u00e8rement l\u2019avion 3 \u2013&hellip; Lire la suite\" \/>\n<meta property=\"og:url\" content=\"http:\/\/www.varloteaux.org\/fva\/disponibilites-competitions\/\" \/>\n<meta property=\"og:site_name\" content=\"FHAL VARLOTEAUX AIRCRAFT\" \/>\n<meta property=\"article:modified_time\" content=\"2022-01-15T17:46:09+00:00\" \/>\n<meta name=\"twitter:card\" content=\"summary_large_image\" \/>\n<meta name=\"twitter:label1\" content=\"Dur\u00e9e de lecture estim\u00e9e\" \/>\n\t<meta name=\"twitter:data1\" content=\"1 minute\" \/>\n<script type=\"application\/ld+json\" class=\"yoast-schema-graph\">{\"@context\":\"https:\/\/schema.org\",\"@graph\":[{\"@type\":\"WebPage\",\"@id\":\"http:\/\/www.varloteaux.org\/fva\/disponibilites-competitions\/\",\"url\":\"http:\/\/www.varloteaux.org\/fva\/disponibilites-competitions\/\",\"name\":\"Disponibilit\u00e9s des avions en comp\u00e9tition - FHAL VARLOTEAUX AIRCRAFT\",\"isPartOf\":{\"@id\":\"http:\/\/www.varloteaux.org\/fva\/#website\"},\"datePublished\":\"2019-11-28T15:16:15+00:00\",\"dateModified\":\"2022-01-15T17:46:09+00:00\",\"breadcrumb\":{\"@id\":\"http:\/\/www.varloteaux.org\/fva\/disponibilites-competitions\/#breadcrumb\"},\"inLanguage\":\"fr-FR\",\"potentialAction\":[{\"@type\":\"ReadAction\",\"target\":[\"http:\/\/www.varloteaux.org\/fva\/disponibilites-competitions\/\"]}]},{\"@type\":\"BreadcrumbList\",\"@id\":\"http:\/\/www.varloteaux.org\/fva\/disponibilites-competitions\/#breadcrumb\",\"itemListElement\":[{\"@type\":\"ListItem\",\"position\":1,\"name\":\"Home\",\"item\":\"http:\/\/www.varloteaux.org\/fva\/\"},{\"@type\":\"ListItem\",\"position\":2,\"name\":\"Disponibilit\u00e9s des avions en comp\u00e9tition\"}]},{\"@type\":\"WebSite\",\"@id\":\"http:\/\/www.varloteaux.org\/fva\/#website\",\"url\":\"http:\/\/www.varloteaux.org\/fva\/\",\"name\":\"FHAL VARLOTEAUX AIRCRAFT\",\"description\":\"SOLUTIONS FOR AEROBATICS\",\"potentialAction\":[{\"@type\":\"SearchAction\",\"target\":{\"@type\":\"EntryPoint\",\"urlTemplate\":\"http:\/\/www.varloteaux.org\/fva\/?s={search_term_string}\"},\"query-input\":\"required name=search_term_string\"}],\"inLanguage\":\"fr-FR\"}]}<\/script>\n<!-- \/ Yoast SEO plugin. -->","yoast_head_json":{"title":"Disponibilit\u00e9s des avions en comp\u00e9tition - FHAL VARLOTEAUX AIRCRAFT","robots":{"index":"index","follow":"follow","max-snippet":"max-snippet:-1","max-image-preview":"max-image-preview:large","max-video-preview":"max-video-preview:-1"},"canonical":"http:\/\/www.varloteaux.org\/fva\/disponibilites-competitions\/","og_locale":"fr_FR","og_type":"article","og_title":"Disponibilit\u00e9s des avions en comp\u00e9tition - FHAL VARLOTEAUX AIRCRAFT","og_description":"Les avions de la soci\u00e9t\u00e9 FVA seront disponibles \u00e0 la location pour les comp\u00e9titions suivantes. Ne tardez pas \u00e0 vous positionner, pour nous permettre de mieux vous satisfaire. CONTACTEZ-NOUSLa priorit\u00e9 sera donn\u00e9e en comp\u00e9tition aux: 1 \u2013 Pilotes louant r\u00e9guli\u00e8rement l\u2019avion et entrain\u00e9s par: Romain Fhal&nbsp;ou&nbsp;Pierre Varloteaux 2 \u2013 Equipes louant r\u00e9guli\u00e8rement l\u2019avion 3 \u2013&hellip; Lire la suite","og_url":"http:\/\/www.varloteaux.org\/fva\/disponibilites-competitions\/","og_site_name":"FHAL VARLOTEAUX AIRCRAFT","article_modified_time":"2022-01-15T17:46:09+00:00","twitter_card":"summary_large_image","twitter_misc":{"Dur\u00e9e de lecture estim\u00e9e":"1 minute"},"schema":{"@context":"https:\/\/schema.org","@graph":[{"@type":"WebPage","@id":"http:\/\/www.varloteaux.org\/fva\/disponibilites-competitions\/","url":"http:\/\/www.varloteaux.org\/fva\/disponibilites-competitions\/","name":"Disponibilit\u00e9s des avions en comp\u00e9tition - FHAL VARLOTEAUX AIRCRAFT","isPartOf":{"@id":"http:\/\/www.varloteaux.org\/fva\/#website"},"datePublished":"2019-11-28T15:16:15+00:00","dateModified":"2022-01-15T17:46:09+00:00","breadcrumb":{"@id":"http:\/\/www.varloteaux.org\/fva\/disponibilites-competitions\/#breadcrumb"},"inLanguage":"fr-FR","potentialAction":[{"@type":"ReadAction","target":["http:\/\/www.varloteaux.org\/fva\/disponibilites-competitions\/"]}]},{"@type":"BreadcrumbList","@id":"http:\/\/www.varloteaux.org\/fva\/disponibilites-competitions\/#breadcrumb","itemListElement":[{"@type":"ListItem","position":1,"name":"Home","item":"http:\/\/www.varloteaux.org\/fva\/"},{"@type":"ListItem","position":2,"name":"Disponibilit\u00e9s des avions en comp\u00e9tition"}]},{"@type":"WebSite","@id":"http:\/\/www.varloteaux.org\/fva\/#website","url":"http:\/\/www.varloteaux.org\/fva\/","name":"FHAL VARLOTEAUX AIRCRAFT","description":"SOLUTIONS FOR AEROBATICS","potentialAction":[{"@type":"SearchAction","target":{"@type":"EntryPoint","urlTemplate":"http:\/\/www.varloteaux.org\/fva\/?s={search_term_string}"},"query-input":"required name=search_term_string"}],"inLanguage":"fr-FR"}]}},"_links":{"self":[{"href":"http:\/\/www.varloteaux.org\/fva\/wp-json\/wp\/v2\/pages\/490"}],"collection":[{"href":"http:\/\/www.varloteaux.org\/fva\/wp-json\/wp\/v2\/pages"}],"about":[{"href":"http:\/\/www.varloteaux.org\/fva\/wp-json\/wp\/v2\/types\/page"}],"author":[{"embeddable":true,"href":"http:\/\/www.varloteaux.org\/fva\/wp-json\/wp\/v2\/users\/1"}],"replies":[{"embeddable":true,"href":"http:\/\/www.varloteaux.org\/fva\/wp-json\/wp\/v2\/comments?post=490"}],"version-history":[{"count":29,"href":"http:\/\/www.varloteaux.org\/fva\/wp-json\/wp\/v2\/pages\/490\/revisions"}],"predecessor-version":[{"id":873,"href":"http:\/\/www.varloteaux.org\/fva\/wp-json\/wp\/v2\/pages\/490\/revisions\/873"}],"wp:attachment":[{"href":"http:\/\/www.varloteaux.org\/fva\/wp-json\/wp\/v2\/media?parent=490"}],"curies":[{"name":"wp","href":"https:\/\/api.w.org\/{rel}","templated":true}]}}